{"id":3532,"date":"2023-10-24T23:18:33","date_gmt":"2023-10-25T03:18:33","guid":{"rendered":"https:\/\/evfleets.electricautonomy.ca\/fr\/?post_type=video&#038;p=3532"},"modified":"2024-06-24T23:41:34","modified_gmt":"2024-06-25T03:41:34","slug":"le-grand-virage-comment-les-parcs-logistiques-doivent-elles-selectrifier-aujourdhui-pour-repondre-aux-besoins-de-transport-de-demain","status":"publish","type":"video","link":"https:\/\/evfleets.electricautonomy.ca\/fr\/video\/le-grand-virage-comment-les-parcs-logistiques-doivent-elles-selectrifier-aujourdhui-pour-repondre-aux-besoins-de-transport-de-demain\/","title":{"rendered":"Le grand virage : comment les parcs logistiques doivent-elles s&rsquo;\u00e9lectrifier aujourd&rsquo;hui pour r\u00e9pondre aux besoins de transport de demain ?"},"content":{"rendered":"\n<p>Cette table ronde sponsoris\u00e9e par HSBC a r\u00e9uni des experts de HSBC, ATCO Electric, Deloitte LLP, Pride EV et Electric Autonomy pour une conversation sur la fa\u00e7on dont les parcs logistiques doivent s&rsquo;\u00e9lectrifier aujourd&rsquo;hui pour r\u00e9pondre aux besoins de transport de demain.<\/p>\n\n\n\n<p>Ils ont abord\u00e9 l&rsquo;\u00e9lectrification des parcs automobiles sous tous les angles, de la mani\u00e8re dont les entreprises choisissent la bonne infrastructure de recharge \u00e0 l&rsquo;achat de v\u00e9hicules \u00e9lectriques, en passant par l&rsquo;examen des meilleurs endroits pour d\u00e9ployer les VE (oui, l&#8217;emplacement est important), les opportunit\u00e9s associ\u00e9es \u00e0 l&rsquo;infrastructure des VE et les raisons pour lesquelles les entreprises qui ne vont pas de l&rsquo;avant avec l&rsquo;\u00e9lectrification des parcs automobiles maintenant sont d\u00e9savantag\u00e9es, et plus encore.<\/p>\n\n\n\n<p><em>Cette vid\u00e9o n\u2019est disponible qu\u2019en anglais, avec sous-titres offerts par YouTube.<\/em><\/p>\n\n\n\n<figure class=\"wp-block-embed is-type-video is-provider-youtube wp-block-embed-youtube wp-embed-aspect-16-9 wp-has-aspect-ratio\"><div class=\"wp-block-embed__wrapper\">\n<div class=\"ast-oembed-container\" style=\"height: 100%;\"><iframe loading=\"lazy\" title=\"The Big Move: How logistics fleets need to electrify today to meet the transport needs of tomorrow\" width=\"500\" height=\"281\" src=\"https:\/\/www.youtube.com\/embed\/M1Nr0lulPmc?feature=oembed\" frameborder=\"0\" allow=\"accelerometer; autoplay; clipboard-write; encrypted-media; gyroscope; picture-in-picture; web-share\" referrerpolicy=\"strict-origin-when-cross-origin\" allowfullscreen><\/iframe><\/div>\n<\/div><figcaption class=\"wp-element-caption\"><em>Pour activer les sous-titres g\u00e9n\u00e9r\u00e9s automatiquement par YouTube, cliquez sur le bouton \u33c4 \u201cSous-titres\/sous-titres cod\u00e9s (c)\u201d. Pour changer la s\u00e9lection de langue, appuyer sur le bouton \u26ed \u201cParam\u00e8tres\u201d.<\/em><\/figcaption><\/figure>\n\n\n\n<h2 class=\"wp-block-heading\">Pr\u00e9sentateurs<\/h2>\n\n\n\n<ul class=\"wp-block-list\">\n<li><strong>Angie Lamarsh,<\/strong> chef du financement durable, Services bancaires commerciaux, Banque HSBC Canada<\/li>\n\n\n\n<li><strong>William York,<\/strong> ing\u00e9nieur principal &#8211; eMobilit\u00e9, ATCO Electric<\/li>\n\n\n\n<li><strong>Samira Dadgar,<\/strong> Associ\u00e9e, Global Investment and Innovation Incentives, Deloitte LLP<\/li>\n\n\n\n<li><strong>Javed Nadeem,<\/strong> vice-pr\u00e9sident de l&rsquo;infrastructure des v\u00e9hicules \u00e9lectriques, Pride EV<\/li>\n\n\n\n<li><strong>Emma Jarratt,<\/strong> r\u00e9dactrice en chef, Electric Autonomy (mod\u00e9ratrice)<\/li>\n<\/ul>\n","protected":false},"excerpt":{"rendered":"Cette table ronde aborde la fa\u00e7on dont les parcs logistiques doivent s&rsquo;\u00e9lectrifier aujourd&rsquo;hui pour r\u00e9pondre aux besoins de transport de demain.","protected":false},"featured_media":3533,"template":"","meta":{"content-type":"","site-sidebar-layout":"default","site-content-layout":"default","ast-global-header-display":"","ast-banner-title-visibility":"","ast-main-header-display":"","ast-hfb-above-header-display":"","ast-hfb-below-header-display":"","ast-hfb-mobile-header-display":"","site-post-title":"","ast-breadcrumbs-content":null,"ast-featured-img":"","footer-sml-layout":"","theme-transparent-header-meta":"","adv-header-id-meta":null,"stick-header-meta":"","header-above-stick-meta":null,"header-main-stick-meta":"","header-below-stick-meta":null},"class_list":["post-3532","video","type-video","status-publish","has-post-thumbnail","hentry","video-category-tables-rondes-electric-autonomy"],"acf":[],"yoast_head":"<title>Le grand virage : comment les parcs logistiques doivent-elles s&#039;\u00e9lectrifier aujourd&#039;hui pour r\u00e9pondre aux besoins de transport de demain ? - Parcs VE Pro<\/title>\n<meta name=\"description\" content=\"Cette table ronde aborde la fa\u00e7on dont les parcs logistiques doivent s&#039;\u00e9lectrifier aujourd&#039;hui pour r\u00e9pondre aux besoins de transport de demain.\" \/>\n<meta name=\"robots\" content=\"index, follow, max-snippet:-1, max-image-preview:large, max-video-preview:-1\" \/>\n<link rel=\"canonical\" href=\"https:\/\/evfleets.electricautonomy.ca\/fr\/video\/le-grand-virage-comment-les-parcs-logistiques-doivent-elles-selectrifier-aujourdhui-pour-repondre-aux-besoins-de-transport-de-demain\/\" \/>\n<meta property=\"og:locale\" content=\"fr_FR\" \/>\n<meta property=\"og:type\" content=\"article\" \/>\n<meta property=\"og:title\" content=\"Le grand virage : comment les parcs logistiques doivent-elles s&#039;\u00e9lectrifier aujourd&#039;hui pour r\u00e9pondre aux besoins de transport de demain ? - Parcs VE Pro\" \/>\n<meta property=\"og:description\" content=\"Cette table ronde aborde la fa\u00e7on dont les parcs logistiques doivent s&#039;\u00e9lectrifier aujourd&#039;hui pour r\u00e9pondre aux besoins de transport de demain.\" \/>\n<meta property=\"og:url\" content=\"https:\/\/evfleets.electricautonomy.ca\/fr\/video\/le-grand-virage-comment-les-parcs-logistiques-doivent-elles-selectrifier-aujourdhui-pour-repondre-aux-besoins-de-transport-de-demain\/\" \/>\n<meta property=\"og:site_name\" content=\"Parcs VE Pro\" \/>\n<meta property=\"article:modified_time\" content=\"2024-06-25T03:41:34+00:00\" \/>\n<meta property=\"og:image\" content=\"https:\/\/evfleets.electricautonomy.ca\/fr\/wp-content\/uploads\/sites\/2\/2024\/06\/HSBC-EA-Webinar-750.jpg\" \/>\n\t<meta property=\"og:image:width\" content=\"750\" \/>\n\t<meta property=\"og:image:height\" content=\"422\" \/>\n\t<meta property=\"og:image:type\" content=\"image\/jpeg\" \/>\n<meta name=\"twitter:card\" content=\"summary_large_image\" \/>\n<meta name=\"twitter:label1\" content=\"Dur\u00e9e de lecture estim\u00e9e\" \/>\n\t<meta name=\"twitter:data1\" content=\"2 minutes\" \/>\n<script type=\"application\/ld+json\" class=\"yoast-schema-graph\">{\"@context\":\"https:\/\/schema.org\",\"@graph\":[{\"@type\":\"WebPage\",\"@id\":\"https:\/\/evfleets.electricautonomy.ca\/fr\/video\/le-grand-virage-comment-les-parcs-logistiques-doivent-elles-selectrifier-aujourdhui-pour-repondre-aux-besoins-de-transport-de-demain\/\",\"url\":\"https:\/\/evfleets.electricautonomy.ca\/fr\/video\/le-grand-virage-comment-les-parcs-logistiques-doivent-elles-selectrifier-aujourdhui-pour-repondre-aux-besoins-de-transport-de-demain\/\",\"name\":\"Le grand virage : comment les parcs logistiques doivent-elles s'\u00e9lectrifier aujourd'hui pour r\u00e9pondre aux besoins de transport de demain ? - Parcs VE Pro\",\"isPartOf\":{\"@id\":\"https:\/\/evfleets.electricautonomy.ca\/fr\/#website\"},\"datePublished\":\"2023-10-25T03:18:33+00:00\",\"dateModified\":\"2024-06-25T03:41:34+00:00\",\"description\":\"Cette table ronde aborde la fa\u00e7on dont les parcs logistiques doivent s'\u00e9lectrifier aujourd'hui pour r\u00e9pondre aux besoins de transport de demain.\",\"breadcrumb\":{\"@id\":\"https:\/\/evfleets.electricautonomy.ca\/fr\/video\/le-grand-virage-comment-les-parcs-logistiques-doivent-elles-selectrifier-aujourdhui-pour-repondre-aux-besoins-de-transport-de-demain\/#breadcrumb\"},\"inLanguage\":\"fr-FR\",\"potentialAction\":[{\"@type\":\"ReadAction\",\"target\":[\"https:\/\/evfleets.electricautonomy.ca\/fr\/video\/le-grand-virage-comment-les-parcs-logistiques-doivent-elles-selectrifier-aujourdhui-pour-repondre-aux-besoins-de-transport-de-demain\/\"]}]},{\"@type\":\"BreadcrumbList\",\"@id\":\"https:\/\/evfleets.electricautonomy.ca\/fr\/video\/le-grand-virage-comment-les-parcs-logistiques-doivent-elles-selectrifier-aujourdhui-pour-repondre-aux-besoins-de-transport-de-demain\/#breadcrumb\",\"itemListElement\":[{\"@type\":\"ListItem\",\"position\":1,\"name\":\"Home\",\"item\":\"https:\/\/evfleets.electricautonomy.ca\/fr\/\"},{\"@type\":\"ListItem\",\"position\":2,\"name\":\"Video\",\"item\":\"https:\/\/evfleets.electricautonomy.ca\/fr\/video\/\"},{\"@type\":\"ListItem\",\"position\":3,\"name\":\"Le grand virage : comment les parcs logistiques doivent-elles s&#8217;\u00e9lectrifier aujourd&#8217;hui pour r\u00e9pondre aux besoins de transport de demain ?\"}]},{\"@type\":\"WebSite\",\"@id\":\"https:\/\/evfleets.electricautonomy.ca\/fr\/#website\",\"url\":\"https:\/\/evfleets.electricautonomy.ca\/fr\/\",\"name\":\"Parcs VE Pro\",\"description\":\"L&#039;avenir des parcs automobiles est \u00e9lectrique\",\"publisher\":{\"@id\":\"https:\/\/evfleets.electricautonomy.ca\/fr\/#organization\"},\"potentialAction\":[{\"@type\":\"SearchAction\",\"target\":{\"@type\":\"EntryPoint\",\"urlTemplate\":\"https:\/\/evfleets.electricautonomy.ca\/fr\/?s={search_term_string}\"},\"query-input\":\"required name=search_term_string\"}],\"inLanguage\":\"fr-FR\"},{\"@type\":\"Organization\",\"@id\":\"https:\/\/evfleets.electricautonomy.ca\/fr\/#organization\",\"name\":\"Parcs VE Pro\",\"url\":\"https:\/\/evfleets.electricautonomy.ca\/fr\/\",\"logo\":{\"@type\":\"ImageObject\",\"inLanguage\":\"fr-FR\",\"@id\":\"https:\/\/evfleets.electricautonomy.ca\/fr\/#\/schema\/logo\/image\/\",\"url\":\"https:\/\/evfleets.electricautonomy.ca\/fr\/wp-content\/uploads\/sites\/2\/2024\/06\/Parcs-VE-Logo-blanc.png\",\"contentUrl\":\"https:\/\/evfleets.electricautonomy.ca\/fr\/wp-content\/uploads\/sites\/2\/2024\/06\/Parcs-VE-Logo-blanc.png\",\"width\":786,\"height\":123,\"caption\":\"Parcs VE Pro\"},\"image\":{\"@id\":\"https:\/\/evfleets.electricautonomy.ca\/fr\/#\/schema\/logo\/image\/\"}}]}<\/script>","yoast_head_json":{"title":"Le grand virage : comment les parcs logistiques doivent-elles s'\u00e9lectrifier aujourd'hui pour r\u00e9pondre aux besoins de transport de demain ? - Parcs VE Pro","description":"Cette table ronde aborde la fa\u00e7on dont les parcs logistiques doivent s'\u00e9lectrifier aujourd'hui pour r\u00e9pondre aux besoins de transport de demain.","robots":{"index":"index","follow":"follow","max-snippet":"max-snippet:-1","max-image-preview":"max-image-preview:large","max-video-preview":"max-video-preview:-1"},"canonical":"https:\/\/evfleets.electricautonomy.ca\/fr\/video\/le-grand-virage-comment-les-parcs-logistiques-doivent-elles-selectrifier-aujourdhui-pour-repondre-aux-besoins-de-transport-de-demain\/","og_locale":"fr_FR","og_type":"article","og_title":"Le grand virage : comment les parcs logistiques doivent-elles s'\u00e9lectrifier aujourd'hui pour r\u00e9pondre aux besoins de transport de demain ? - Parcs VE Pro","og_description":"Cette table ronde aborde la fa\u00e7on dont les parcs logistiques doivent s'\u00e9lectrifier aujourd'hui pour r\u00e9pondre aux besoins de transport de demain.","og_url":"https:\/\/evfleets.electricautonomy.ca\/fr\/video\/le-grand-virage-comment-les-parcs-logistiques-doivent-elles-selectrifier-aujourdhui-pour-repondre-aux-besoins-de-transport-de-demain\/","og_site_name":"Parcs VE Pro","article_modified_time":"2024-06-25T03:41:34+00:00","og_image":[{"width":750,"height":422,"url":"https:\/\/evfleets.electricautonomy.ca\/fr\/wp-content\/uploads\/sites\/2\/2024\/06\/HSBC-EA-Webinar-750.jpg","type":"image\/jpeg"}],"twitter_card":"summary_large_image","twitter_misc":{"Dur\u00e9e de lecture estim\u00e9e":"2 minutes"},"schema":{"@context":"https:\/\/schema.org","@graph":[{"@type":"WebPage","@id":"https:\/\/evfleets.electricautonomy.ca\/fr\/video\/le-grand-virage-comment-les-parcs-logistiques-doivent-elles-selectrifier-aujourdhui-pour-repondre-aux-besoins-de-transport-de-demain\/","url":"https:\/\/evfleets.electricautonomy.ca\/fr\/video\/le-grand-virage-comment-les-parcs-logistiques-doivent-elles-selectrifier-aujourdhui-pour-repondre-aux-besoins-de-transport-de-demain\/","name":"Le grand virage : comment les parcs logistiques doivent-elles s'\u00e9lectrifier aujourd'hui pour r\u00e9pondre aux besoins de transport de demain ? - Parcs VE Pro","isPartOf":{"@id":"https:\/\/evfleets.electricautonomy.ca\/fr\/#website"},"datePublished":"2023-10-25T03:18:33+00:00","dateModified":"2024-06-25T03:41:34+00:00","description":"Cette table ronde aborde la fa\u00e7on dont les parcs logistiques doivent s'\u00e9lectrifier aujourd'hui pour r\u00e9pondre aux besoins de transport de demain.","breadcrumb":{"@id":"https:\/\/evfleets.electricautonomy.ca\/fr\/video\/le-grand-virage-comment-les-parcs-logistiques-doivent-elles-selectrifier-aujourdhui-pour-repondre-aux-besoins-de-transport-de-demain\/#breadcrumb"},"inLanguage":"fr-FR","potentialAction":[{"@type":"ReadAction","target":["https:\/\/evfleets.electricautonomy.ca\/fr\/video\/le-grand-virage-comment-les-parcs-logistiques-doivent-elles-selectrifier-aujourdhui-pour-repondre-aux-besoins-de-transport-de-demain\/"]}]},{"@type":"BreadcrumbList","@id":"https:\/\/evfleets.electricautonomy.ca\/fr\/video\/le-grand-virage-comment-les-parcs-logistiques-doivent-elles-selectrifier-aujourdhui-pour-repondre-aux-besoins-de-transport-de-demain\/#breadcrumb","itemListElement":[{"@type":"ListItem","position":1,"name":"Home","item":"https:\/\/evfleets.electricautonomy.ca\/fr\/"},{"@type":"ListItem","position":2,"name":"Video","item":"https:\/\/evfleets.electricautonomy.ca\/fr\/video\/"},{"@type":"ListItem","position":3,"name":"Le grand virage : comment les parcs logistiques doivent-elles s&#8217;\u00e9lectrifier aujourd&#8217;hui pour r\u00e9pondre aux besoins de transport de demain ?"}]},{"@type":"WebSite","@id":"https:\/\/evfleets.electricautonomy.ca\/fr\/#website","url":"https:\/\/evfleets.electricautonomy.ca\/fr\/","name":"Parcs VE Pro","description":"L&#039;avenir des parcs automobiles est \u00e9lectrique","publisher":{"@id":"https:\/\/evfleets.electricautonomy.ca\/fr\/#organization"},"potentialAction":[{"@type":"SearchAction","target":{"@type":"EntryPoint","urlTemplate":"https:\/\/evfleets.electricautonomy.ca\/fr\/?s={search_term_string}"},"query-input":"required name=search_term_string"}],"inLanguage":"fr-FR"},{"@type":"Organization","@id":"https:\/\/evfleets.electricautonomy.ca\/fr\/#organization","name":"Parcs VE Pro","url":"https:\/\/evfleets.electricautonomy.ca\/fr\/","logo":{"@type":"ImageObject","inLanguage":"fr-FR","@id":"https:\/\/evfleets.electricautonomy.ca\/fr\/#\/schema\/logo\/image\/","url":"https:\/\/evfleets.electricautonomy.ca\/fr\/wp-content\/uploads\/sites\/2\/2024\/06\/Parcs-VE-Logo-blanc.png","contentUrl":"https:\/\/evfleets.electricautonomy.ca\/fr\/wp-content\/uploads\/sites\/2\/2024\/06\/Parcs-VE-Logo-blanc.png","width":786,"height":123,"caption":"Parcs VE Pro"},"image":{"@id":"https:\/\/evfleets.electricautonomy.ca\/fr\/#\/schema\/logo\/image\/"}}]}},"_links":{"self":[{"href":"https:\/\/evfleets.electricautonomy.ca\/fr\/wp-json\/wp\/v2\/video\/3532","targetHints":{"allow":["GET"]}}],"collection":[{"href":"https:\/\/evfleets.electricautonomy.ca\/fr\/wp-json\/wp\/v2\/video"}],"about":[{"href":"https:\/\/evfleets.electricautonomy.ca\/fr\/wp-json\/wp\/v2\/types\/video"}],"wp:featuredmedia":[{"embeddable":true,"href":"https:\/\/evfleets.electricautonomy.ca\/fr\/wp-json\/wp\/v2\/media\/3533"}],"wp:attachment":[{"href":"https:\/\/evfleets.electricautonomy.ca\/fr\/wp-json\/wp\/v2\/media?parent=3532"}],"curies":[{"name":"wp","href":"https:\/\/api.w.org\/{rel}","templated":true}]}}