{"id":3531,"date":"2024-06-24T15:31:27","date_gmt":"2024-06-24T19:31:27","guid":{"rendered":"https:\/\/evfleets.electricautonomy.ca\/fr\/?post_type=video&#038;p=3531"},"modified":"2024-06-24T15:37:28","modified_gmt":"2024-06-24T19:37:28","slug":"ce-quil-faut-pour-gerer-linfrastructure-de-recharge-des-ve-de-votre-propre-flotte","status":"publish","type":"video","link":"https:\/\/evfleets.electricautonomy.ca\/fr\/video\/ce-quil-faut-pour-gerer-linfrastructure-de-recharge-des-ve-de-votre-propre-flotte\/","title":{"rendered":"Ce qu&rsquo;il faut pour g\u00e9rer l&rsquo;infrastructure de recharge des VE de votre propre flotte"},"content":{"rendered":"\n<p>Nous nous sommes entretenus avec des responsables de parcs automobiles qui g\u00e8rent leurs propres centres de recharge \u00e0 grande \u00e9chelle afin de comprendre le fonctionnement quotidien de cette nouvelle infrastructure.&nbsp;<\/p>\n\n\n\n<p>Comment ces entreprises g\u00e8rent-elles les technologies de l&rsquo;information, de la recharge intelligente aux cr\u00e9dits carbone en passant par les mises \u00e0 jour des microprogrammes ? Que faites-vous lorsqu&rsquo;un chargeur tombe en panne et combien de temps faut-il pour le remettre en service ? Que feriez-vous diff\u00e9remment et quel est votre meilleur conseil aux flottes apr\u00e8s l&rsquo;installation pour rendre la recharge op\u00e9rationnelle ?<\/p>\n\n\n\n<p><em>Cette vid\u00e9o n\u2019est disponible qu\u2019en anglais, avec sous-titres offerts par YouTube.<\/em><\/p>\n\n\n\n<figure class=\"wp-block-embed is-type-video is-provider-youtube wp-block-embed-youtube wp-embed-aspect-16-9 wp-has-aspect-ratio\"><div class=\"wp-block-embed__wrapper\">\n<div class=\"ast-oembed-container\" style=\"height: 100%;\"><iframe loading=\"lazy\" title=\"What it takes to run your own fleet EV charging infrastructure\" width=\"500\" height=\"281\" src=\"https:\/\/www.youtube.com\/embed\/dPs1uZZqczI?feature=oembed\" frameborder=\"0\" allow=\"accelerometer; autoplay; clipboard-write; encrypted-media; gyroscope; picture-in-picture; web-share\" referrerpolicy=\"strict-origin-when-cross-origin\" allowfullscreen><\/iframe><\/div>\n<\/div><\/figure>\n\n\n\n<p><em>Pour activer les sous-titres g\u00e9n\u00e9r\u00e9s automatiquement par YouTube, cliquez sur le bouton \u33c4 \u201cSous-titres\/sous-titres cod\u00e9s (c)\u201d. Pour changer la s\u00e9lection de langue, appuyer sur le bouton \u26ed \u201cParam\u00e8tres\u201d.<\/em><\/p>\n\n\n\n<h2 class=\"wp-block-heading\">Intervenants<\/h2>\n\n\n\n<ul class=\"wp-block-list\">\n<li><strong>Theresa Cooke,<\/strong> responsable de la r\u00e9ussite des clients au niveau mondial, Managed Charging chez Siemens (mod\u00e9rateur)<\/li>\n\n\n\n<li><strong>Viren Rodrigues,<\/strong> gestionnaire principal &#8211; parc automobile chez Coca Cola Canada Bottling Limited<\/li>\n\n\n\n<li><strong>Michelle Jones,<\/strong> responsable des programmes d&rsquo;\u00e9nergie renouvelable \u00e0 la Toronto Transit Commission (TTC)<\/li>\n\n\n\n<li><strong>Angelo Klaric,<\/strong> gestionnaire du programme Sustainable City Fleets \u00e0 la ville de Toronto.<\/li>\n<\/ul>\n\n\n\n<p>Cette session a \u00e9t\u00e9 enregistr\u00e9e lors de l&rsquo;EV &amp; Charging Expo le 1er mai 2024, \u00e0 l&rsquo;Enercare Centre \u00e0 Toronto.<\/p>\n","protected":false},"excerpt":{"rendered":"Les parcs automobiles qui g\u00e8rent leurs propres d\u00e9p\u00f4ts de recharge \u00e0 grande \u00e9chelle partagent les t\u00e2ches quotidiennes li\u00e9es \u00e0 la gestion de cette nouvelle infrastructure.","protected":false},"featured_media":3514,"template":"","meta":{"content-type":"","site-sidebar-layout":"default","site-content-layout":"default","ast-global-header-display":"","ast-banner-title-visibility":"","ast-main-header-display":"","ast-hfb-above-header-display":"","ast-hfb-below-header-display":"","ast-hfb-mobile-header-display":"","site-post-title":"","ast-breadcrumbs-content":null,"ast-featured-img":"","footer-sml-layout":"","theme-transparent-header-meta":"","adv-header-id-meta":null,"stick-header-meta":"","header-above-stick-meta":null,"header-main-stick-meta":"","header-below-stick-meta":null},"class_list":["post-3531","video","type-video","status-publish","has-post-thumbnail","hentry","video-category-conferences-ev-charging-expo"],"acf":[],"yoast_head":"<title>Ce qu&#039;il faut pour g\u00e9rer l&#039;infrastructure de recharge des VE de votre propre flotte - Parcs VE Pro<\/title>\n<meta name=\"description\" content=\"Les parcs automobiles qui g\u00e8rent leurs propres d\u00e9p\u00f4ts de recharge \u00e0 grande \u00e9chelle partagent les t\u00e2ches quotidiennes li\u00e9es \u00e0 la gestion de cette nouvelle infrastructure.\" \/>\n<meta name=\"robots\" content=\"index, follow, max-snippet:-1, max-image-preview:large, max-video-preview:-1\" \/>\n<link rel=\"canonical\" href=\"https:\/\/evfleets.electricautonomy.ca\/fr\/video\/ce-quil-faut-pour-gerer-linfrastructure-de-recharge-des-ve-de-votre-propre-flotte\/\" \/>\n<meta property=\"og:locale\" content=\"fr_FR\" \/>\n<meta property=\"og:type\" content=\"article\" \/>\n<meta property=\"og:title\" content=\"Ce qu&#039;il faut pour g\u00e9rer l&#039;infrastructure de recharge des VE de votre propre flotte - Parcs VE Pro\" \/>\n<meta property=\"og:description\" content=\"Les parcs automobiles qui g\u00e8rent leurs propres d\u00e9p\u00f4ts de recharge \u00e0 grande \u00e9chelle partagent les t\u00e2ches quotidiennes li\u00e9es \u00e0 la gestion de cette nouvelle infrastructure.\" \/>\n<meta property=\"og:url\" content=\"https:\/\/evfleets.electricautonomy.ca\/fr\/video\/ce-quil-faut-pour-gerer-linfrastructure-de-recharge-des-ve-de-votre-propre-flotte\/\" \/>\n<meta property=\"og:site_name\" content=\"Parcs VE Pro\" \/>\n<meta property=\"article:modified_time\" content=\"2024-06-24T19:37:28+00:00\" \/>\n<meta property=\"og:image\" content=\"https:\/\/evfleets.electricautonomy.ca\/fr\/wp-content\/uploads\/sites\/2\/2024\/06\/May-1-Expo-2024-RUN-YOUR-OWN-FLEET-CHARGING-INFRASTRUCTURE.png\" \/>\n\t<meta property=\"og:image:width\" content=\"1920\" \/>\n\t<meta property=\"og:image:height\" content=\"1080\" \/>\n\t<meta property=\"og:image:type\" content=\"image\/png\" \/>\n<meta name=\"twitter:card\" content=\"summary_large_image\" \/>\n<meta name=\"twitter:label1\" content=\"Dur\u00e9e de lecture estim\u00e9e\" \/>\n\t<meta name=\"twitter:data1\" content=\"2 minutes\" \/>\n<script type=\"application\/ld+json\" class=\"yoast-schema-graph\">{\"@context\":\"https:\/\/schema.org\",\"@graph\":[{\"@type\":\"WebPage\",\"@id\":\"https:\/\/evfleets.electricautonomy.ca\/fr\/video\/ce-quil-faut-pour-gerer-linfrastructure-de-recharge-des-ve-de-votre-propre-flotte\/\",\"url\":\"https:\/\/evfleets.electricautonomy.ca\/fr\/video\/ce-quil-faut-pour-gerer-linfrastructure-de-recharge-des-ve-de-votre-propre-flotte\/\",\"name\":\"Ce qu'il faut pour g\u00e9rer l'infrastructure de recharge des VE de votre propre flotte - Parcs VE Pro\",\"isPartOf\":{\"@id\":\"https:\/\/evfleets.electricautonomy.ca\/fr\/#website\"},\"datePublished\":\"2024-06-24T19:31:27+00:00\",\"dateModified\":\"2024-06-24T19:37:28+00:00\",\"description\":\"Les parcs automobiles qui g\u00e8rent leurs propres d\u00e9p\u00f4ts de recharge \u00e0 grande \u00e9chelle partagent les t\u00e2ches quotidiennes li\u00e9es \u00e0 la gestion de cette nouvelle infrastructure.\",\"breadcrumb\":{\"@id\":\"https:\/\/evfleets.electricautonomy.ca\/fr\/video\/ce-quil-faut-pour-gerer-linfrastructure-de-recharge-des-ve-de-votre-propre-flotte\/#breadcrumb\"},\"inLanguage\":\"fr-FR\",\"potentialAction\":[{\"@type\":\"ReadAction\",\"target\":[\"https:\/\/evfleets.electricautonomy.ca\/fr\/video\/ce-quil-faut-pour-gerer-linfrastructure-de-recharge-des-ve-de-votre-propre-flotte\/\"]}]},{\"@type\":\"BreadcrumbList\",\"@id\":\"https:\/\/evfleets.electricautonomy.ca\/fr\/video\/ce-quil-faut-pour-gerer-linfrastructure-de-recharge-des-ve-de-votre-propre-flotte\/#breadcrumb\",\"itemListElement\":[{\"@type\":\"ListItem\",\"position\":1,\"name\":\"Home\",\"item\":\"https:\/\/evfleets.electricautonomy.ca\/fr\/\"},{\"@type\":\"ListItem\",\"position\":2,\"name\":\"Video\",\"item\":\"https:\/\/evfleets.electricautonomy.ca\/fr\/video\/\"},{\"@type\":\"ListItem\",\"position\":3,\"name\":\"Ce qu&#8217;il faut pour g\u00e9rer l&#8217;infrastructure de recharge des VE de votre propre flotte\"}]},{\"@type\":\"WebSite\",\"@id\":\"https:\/\/evfleets.electricautonomy.ca\/fr\/#website\",\"url\":\"https:\/\/evfleets.electricautonomy.ca\/fr\/\",\"name\":\"Parcs VE Pro\",\"description\":\"L&#039;avenir des parcs automobiles est \u00e9lectrique\",\"publisher\":{\"@id\":\"https:\/\/evfleets.electricautonomy.ca\/fr\/#organization\"},\"potentialAction\":[{\"@type\":\"SearchAction\",\"target\":{\"@type\":\"EntryPoint\",\"urlTemplate\":\"https:\/\/evfleets.electricautonomy.ca\/fr\/?s={search_term_string}\"},\"query-input\":\"required name=search_term_string\"}],\"inLanguage\":\"fr-FR\"},{\"@type\":\"Organization\",\"@id\":\"https:\/\/evfleets.electricautonomy.ca\/fr\/#organization\",\"name\":\"Parcs VE Pro\",\"url\":\"https:\/\/evfleets.electricautonomy.ca\/fr\/\",\"logo\":{\"@type\":\"ImageObject\",\"inLanguage\":\"fr-FR\",\"@id\":\"https:\/\/evfleets.electricautonomy.ca\/fr\/#\/schema\/logo\/image\/\",\"url\":\"https:\/\/evfleets.electricautonomy.ca\/fr\/wp-content\/uploads\/sites\/2\/2024\/06\/Parcs-VE-Logo-blanc.png\",\"contentUrl\":\"https:\/\/evfleets.electricautonomy.ca\/fr\/wp-content\/uploads\/sites\/2\/2024\/06\/Parcs-VE-Logo-blanc.png\",\"width\":786,\"height\":123,\"caption\":\"Parcs VE Pro\"},\"image\":{\"@id\":\"https:\/\/evfleets.electricautonomy.ca\/fr\/#\/schema\/logo\/image\/\"}}]}<\/script>","yoast_head_json":{"title":"Ce qu'il faut pour g\u00e9rer l'infrastructure de recharge des VE de votre propre flotte - Parcs VE Pro","description":"Les parcs automobiles qui g\u00e8rent leurs propres d\u00e9p\u00f4ts de recharge \u00e0 grande \u00e9chelle partagent les t\u00e2ches quotidiennes li\u00e9es \u00e0 la gestion de cette nouvelle infrastructure.","robots":{"index":"index","follow":"follow","max-snippet":"max-snippet:-1","max-image-preview":"max-image-preview:large","max-video-preview":"max-video-preview:-1"},"canonical":"https:\/\/evfleets.electricautonomy.ca\/fr\/video\/ce-quil-faut-pour-gerer-linfrastructure-de-recharge-des-ve-de-votre-propre-flotte\/","og_locale":"fr_FR","og_type":"article","og_title":"Ce qu'il faut pour g\u00e9rer l'infrastructure de recharge des VE de votre propre flotte - Parcs VE Pro","og_description":"Les parcs automobiles qui g\u00e8rent leurs propres d\u00e9p\u00f4ts de recharge \u00e0 grande \u00e9chelle partagent les t\u00e2ches quotidiennes li\u00e9es \u00e0 la gestion de cette nouvelle infrastructure.","og_url":"https:\/\/evfleets.electricautonomy.ca\/fr\/video\/ce-quil-faut-pour-gerer-linfrastructure-de-recharge-des-ve-de-votre-propre-flotte\/","og_site_name":"Parcs VE Pro","article_modified_time":"2024-06-24T19:37:28+00:00","og_image":[{"width":1920,"height":1080,"url":"https:\/\/evfleets.electricautonomy.ca\/fr\/wp-content\/uploads\/sites\/2\/2024\/06\/May-1-Expo-2024-RUN-YOUR-OWN-FLEET-CHARGING-INFRASTRUCTURE.png","type":"image\/png"}],"twitter_card":"summary_large_image","twitter_misc":{"Dur\u00e9e de lecture estim\u00e9e":"2 minutes"},"schema":{"@context":"https:\/\/schema.org","@graph":[{"@type":"WebPage","@id":"https:\/\/evfleets.electricautonomy.ca\/fr\/video\/ce-quil-faut-pour-gerer-linfrastructure-de-recharge-des-ve-de-votre-propre-flotte\/","url":"https:\/\/evfleets.electricautonomy.ca\/fr\/video\/ce-quil-faut-pour-gerer-linfrastructure-de-recharge-des-ve-de-votre-propre-flotte\/","name":"Ce qu'il faut pour g\u00e9rer l'infrastructure de recharge des VE de votre propre flotte - Parcs VE Pro","isPartOf":{"@id":"https:\/\/evfleets.electricautonomy.ca\/fr\/#website"},"datePublished":"2024-06-24T19:31:27+00:00","dateModified":"2024-06-24T19:37:28+00:00","description":"Les parcs automobiles qui g\u00e8rent leurs propres d\u00e9p\u00f4ts de recharge \u00e0 grande \u00e9chelle partagent les t\u00e2ches quotidiennes li\u00e9es \u00e0 la gestion de cette nouvelle infrastructure.","breadcrumb":{"@id":"https:\/\/evfleets.electricautonomy.ca\/fr\/video\/ce-quil-faut-pour-gerer-linfrastructure-de-recharge-des-ve-de-votre-propre-flotte\/#breadcrumb"},"inLanguage":"fr-FR","potentialAction":[{"@type":"ReadAction","target":["https:\/\/evfleets.electricautonomy.ca\/fr\/video\/ce-quil-faut-pour-gerer-linfrastructure-de-recharge-des-ve-de-votre-propre-flotte\/"]}]},{"@type":"BreadcrumbList","@id":"https:\/\/evfleets.electricautonomy.ca\/fr\/video\/ce-quil-faut-pour-gerer-linfrastructure-de-recharge-des-ve-de-votre-propre-flotte\/#breadcrumb","itemListElement":[{"@type":"ListItem","position":1,"name":"Home","item":"https:\/\/evfleets.electricautonomy.ca\/fr\/"},{"@type":"ListItem","position":2,"name":"Video","item":"https:\/\/evfleets.electricautonomy.ca\/fr\/video\/"},{"@type":"ListItem","position":3,"name":"Ce qu&#8217;il faut pour g\u00e9rer l&#8217;infrastructure de recharge des VE de votre propre flotte"}]},{"@type":"WebSite","@id":"https:\/\/evfleets.electricautonomy.ca\/fr\/#website","url":"https:\/\/evfleets.electricautonomy.ca\/fr\/","name":"Parcs VE Pro","description":"L&#039;avenir des parcs automobiles est \u00e9lectrique","publisher":{"@id":"https:\/\/evfleets.electricautonomy.ca\/fr\/#organization"},"potentialAction":[{"@type":"SearchAction","target":{"@type":"EntryPoint","urlTemplate":"https:\/\/evfleets.electricautonomy.ca\/fr\/?s={search_term_string}"},"query-input":"required name=search_term_string"}],"inLanguage":"fr-FR"},{"@type":"Organization","@id":"https:\/\/evfleets.electricautonomy.ca\/fr\/#organization","name":"Parcs VE Pro","url":"https:\/\/evfleets.electricautonomy.ca\/fr\/","logo":{"@type":"ImageObject","inLanguage":"fr-FR","@id":"https:\/\/evfleets.electricautonomy.ca\/fr\/#\/schema\/logo\/image\/","url":"https:\/\/evfleets.electricautonomy.ca\/fr\/wp-content\/uploads\/sites\/2\/2024\/06\/Parcs-VE-Logo-blanc.png","contentUrl":"https:\/\/evfleets.electricautonomy.ca\/fr\/wp-content\/uploads\/sites\/2\/2024\/06\/Parcs-VE-Logo-blanc.png","width":786,"height":123,"caption":"Parcs VE Pro"},"image":{"@id":"https:\/\/evfleets.electricautonomy.ca\/fr\/#\/schema\/logo\/image\/"}}]}},"_links":{"self":[{"href":"https:\/\/evfleets.electricautonomy.ca\/fr\/wp-json\/wp\/v2\/video\/3531","targetHints":{"allow":["GET"]}}],"collection":[{"href":"https:\/\/evfleets.electricautonomy.ca\/fr\/wp-json\/wp\/v2\/video"}],"about":[{"href":"https:\/\/evfleets.electricautonomy.ca\/fr\/wp-json\/wp\/v2\/types\/video"}],"wp:featuredmedia":[{"embeddable":true,"href":"https:\/\/evfleets.electricautonomy.ca\/fr\/wp-json\/wp\/v2\/media\/3514"}],"wp:attachment":[{"href":"https:\/\/evfleets.electricautonomy.ca\/fr\/wp-json\/wp\/v2\/media?parent=3531"}],"curies":[{"name":"wp","href":"https:\/\/api.w.org\/{rel}","templated":true}]}}