{"id":3525,"date":"2024-06-24T12:43:17","date_gmt":"2024-06-24T16:43:17","guid":{"rendered":"https:\/\/evfleets.electricautonomy.ca\/fr\/?post_type=video&#038;p=3525"},"modified":"2024-06-24T15:39:04","modified_gmt":"2024-06-24T19:39:04","slug":"un-regard-base-sur-des-donnees-pour-savoir-ou-les-camions-electriques-sont-les-plus-performants","status":"publish","type":"video","link":"https:\/\/evfleets.electricautonomy.ca\/fr\/video\/un-regard-base-sur-des-donnees-pour-savoir-ou-les-camions-electriques-sont-les-plus-performants\/","title":{"rendered":"Un regard bas\u00e9 sur des donn\u00e9es pour savoir o\u00f9 les camions \u00e9lectriques sont les plus performants"},"content":{"rendered":"\n<p>L&rsquo;Institut du v\u00e9hicule innovant (IVI) a remis \u00e0 cinq transporteurs op\u00e9rant au Qu\u00e9bec les cl\u00e9s d&rsquo;un camion \u00e9lectrique, y compris une station de recharge temporaire, pour un essai gratuit d&rsquo;un mois. Cette occasion unique a permis aux entreprises d&rsquo;\u00e9changer un camion diesel contre un v\u00e9hicule z\u00e9ro \u00e9mission sur leurs itin\u00e9raires existants afin de tester leurs performances dans des conditions r\u00e9elles, sans risque ni co\u00fbt &#8211; et leur a donn\u00e9 une exp\u00e9rience de premi\u00e8re main de ce que c&rsquo;est que de compl\u00e9ter leur cycle de travail habituel et de g\u00e9rer une parc \u00e9lectrique. Les itin\u00e9raires ont \u00e9t\u00e9 choisis parmi les participants \u00e0 la phase pr\u00e9c\u00e9dente, au cours de laquelle des donn\u00e9es approfondies ont \u00e9t\u00e9 recueillies sur 60 camions diesel pendant 9 mois et 800 000 km afin d&rsquo;\u00e9valuer leur potentiel d&rsquo;\u00e9lectrification.<\/p>\n\n\n\n<p>Le r\u00e9sultat ? IVI a identifi\u00e9 les principaux crit\u00e8res de r\u00e9ussite pour un d\u00e9ploiement optimal des v\u00e9hicules \u00e9lectriques. Cette session permet de mieux comprendre comment l&rsquo;\u00e9lectrification cibl\u00e9e des camions peut profiter \u00e0 votre parc.<\/p>\n\n\n\n<p><em>Cette vid\u00e9o n\u2019est disponible qu\u2019en anglais, avec sous-titres offerts par YouTube.<\/em><\/p>\n\n\n\n<figure class=\"wp-block-embed is-type-video is-provider-youtube wp-block-embed-youtube wp-embed-aspect-16-9 wp-has-aspect-ratio\"><div class=\"wp-block-embed__wrapper\">\n<div class=\"ast-oembed-container\" style=\"height: 100%;\"><iframe loading=\"lazy\" title=\"A data-driven look at where electric trucks perform best\" width=\"500\" height=\"281\" src=\"https:\/\/www.youtube.com\/embed\/QlxwH-viAqk?feature=oembed\" frameborder=\"0\" allow=\"accelerometer; autoplay; clipboard-write; encrypted-media; gyroscope; picture-in-picture; web-share\" referrerpolicy=\"strict-origin-when-cross-origin\" allowfullscreen><\/iframe><\/div>\n<\/div><figcaption class=\"wp-element-caption\"><em>Pour activer les sous-titres g\u00e9n\u00e9r\u00e9s automatiquement par YouTube, cliquez sur le bouton \u33c4 \u201cSous-titres\/sous-titres cod\u00e9s (c)\u201d. Pour changer la s\u00e9lection de langue, appuyer sur le bouton \u26ed \u201cParam\u00e8tres\u201d.<\/em><\/figcaption><\/figure>\n\n\n\n<h2 class=\"wp-block-heading\">Intervenants<\/h2>\n\n\n\n<ul class=\"wp-block-list\">\n<li><strong>Philippe Louisseize,<\/strong> Chef de projet &#8211; Electrification \u00e0 l&rsquo;Institut du v\u00e9hicule innovant (IVI)<\/li>\n\n\n\n<li><strong>Charles Trudel,<\/strong> gestionnaire du groupe des applications technologiques \u00e0 l&rsquo;Institut du v\u00e9hicule innovant (IVI)<\/li>\n<\/ul>\n\n\n\n<p>Cette session a \u00e9t\u00e9 enregistr\u00e9e lors de l&rsquo;EV &amp; Charging Expo le 2 mai 2024, \u00e0 l&rsquo;Enercare Centre \u00e0 Toronto.<\/p>\n","protected":false},"excerpt":{"rendered":"L&rsquo;Institut du v\u00e9hicule innovant (IVI) a identifi\u00e9 les principaux crit\u00e8res de r\u00e9ussite pour un d\u00e9ploiement optimal des v\u00e9hicules \u00e9lectriques.","protected":false},"featured_media":3516,"template":"","meta":{"content-type":"","site-sidebar-layout":"default","site-content-layout":"default","ast-global-header-display":"","ast-banner-title-visibility":"","ast-main-header-display":"","ast-hfb-above-header-display":"","ast-hfb-below-header-display":"","ast-hfb-mobile-header-display":"","site-post-title":"","ast-breadcrumbs-content":null,"ast-featured-img":"","footer-sml-layout":"","theme-transparent-header-meta":"","adv-header-id-meta":null,"stick-header-meta":"","header-above-stick-meta":null,"header-main-stick-meta":"","header-below-stick-meta":null},"class_list":["post-3525","video","type-video","status-publish","has-post-thumbnail","hentry","video-category-conferences-ev-charging-expo"],"acf":[],"yoast_head":"<title>Un regard bas\u00e9 sur des donn\u00e9es pour savoir o\u00f9 les camions \u00e9lectriques sont les plus performants - Parcs VE Pro<\/title>\n<meta name=\"description\" content=\"L&#039;Institut du v\u00e9hicule innovant (IVI) a identifi\u00e9 les principaux crit\u00e8res de r\u00e9ussite pour un d\u00e9ploiement optimal des v\u00e9hicules \u00e9lectriques.\" \/>\n<meta name=\"robots\" content=\"index, follow, max-snippet:-1, max-image-preview:large, max-video-preview:-1\" \/>\n<link rel=\"canonical\" href=\"https:\/\/evfleets.electricautonomy.ca\/fr\/video\/un-regard-base-sur-des-donnees-pour-savoir-ou-les-camions-electriques-sont-les-plus-performants\/\" \/>\n<meta property=\"og:locale\" content=\"fr_FR\" \/>\n<meta property=\"og:type\" content=\"article\" \/>\n<meta property=\"og:title\" content=\"Un regard bas\u00e9 sur des donn\u00e9es pour savoir o\u00f9 les camions \u00e9lectriques sont les plus performants - Parcs VE Pro\" \/>\n<meta property=\"og:description\" content=\"L&#039;Institut du v\u00e9hicule innovant (IVI) a identifi\u00e9 les principaux crit\u00e8res de r\u00e9ussite pour un d\u00e9ploiement optimal des v\u00e9hicules \u00e9lectriques.\" \/>\n<meta property=\"og:url\" content=\"https:\/\/evfleets.electricautonomy.ca\/fr\/video\/un-regard-base-sur-des-donnees-pour-savoir-ou-les-camions-electriques-sont-les-plus-performants\/\" \/>\n<meta property=\"og:site_name\" content=\"Parcs VE Pro\" \/>\n<meta property=\"article:modified_time\" content=\"2024-06-24T19:39:04+00:00\" \/>\n<meta property=\"og:image\" content=\"https:\/\/evfleets.electricautonomy.ca\/fr\/wp-content\/uploads\/sites\/2\/2024\/06\/May-2-Expo-2024-FORMULA-FOR-SUCCESS-IVI.png\" \/>\n\t<meta property=\"og:image:width\" content=\"1920\" \/>\n\t<meta property=\"og:image:height\" content=\"1080\" \/>\n\t<meta property=\"og:image:type\" content=\"image\/png\" \/>\n<meta name=\"twitter:card\" content=\"summary_large_image\" \/>\n<meta name=\"twitter:label1\" content=\"Dur\u00e9e de lecture estim\u00e9e\" \/>\n\t<meta name=\"twitter:data1\" content=\"2 minutes\" \/>\n<script type=\"application\/ld+json\" class=\"yoast-schema-graph\">{\"@context\":\"https:\/\/schema.org\",\"@graph\":[{\"@type\":\"WebPage\",\"@id\":\"https:\/\/evfleets.electricautonomy.ca\/fr\/video\/un-regard-base-sur-des-donnees-pour-savoir-ou-les-camions-electriques-sont-les-plus-performants\/\",\"url\":\"https:\/\/evfleets.electricautonomy.ca\/fr\/video\/un-regard-base-sur-des-donnees-pour-savoir-ou-les-camions-electriques-sont-les-plus-performants\/\",\"name\":\"Un regard bas\u00e9 sur des donn\u00e9es pour savoir o\u00f9 les camions \u00e9lectriques sont les plus performants - Parcs VE Pro\",\"isPartOf\":{\"@id\":\"https:\/\/evfleets.electricautonomy.ca\/fr\/#website\"},\"datePublished\":\"2024-06-24T16:43:17+00:00\",\"dateModified\":\"2024-06-24T19:39:04+00:00\",\"description\":\"L'Institut du v\u00e9hicule innovant (IVI) a identifi\u00e9 les principaux crit\u00e8res de r\u00e9ussite pour un d\u00e9ploiement optimal des v\u00e9hicules \u00e9lectriques.\",\"breadcrumb\":{\"@id\":\"https:\/\/evfleets.electricautonomy.ca\/fr\/video\/un-regard-base-sur-des-donnees-pour-savoir-ou-les-camions-electriques-sont-les-plus-performants\/#breadcrumb\"},\"inLanguage\":\"fr-FR\",\"potentialAction\":[{\"@type\":\"ReadAction\",\"target\":[\"https:\/\/evfleets.electricautonomy.ca\/fr\/video\/un-regard-base-sur-des-donnees-pour-savoir-ou-les-camions-electriques-sont-les-plus-performants\/\"]}]},{\"@type\":\"BreadcrumbList\",\"@id\":\"https:\/\/evfleets.electricautonomy.ca\/fr\/video\/un-regard-base-sur-des-donnees-pour-savoir-ou-les-camions-electriques-sont-les-plus-performants\/#breadcrumb\",\"itemListElement\":[{\"@type\":\"ListItem\",\"position\":1,\"name\":\"Home\",\"item\":\"https:\/\/evfleets.electricautonomy.ca\/fr\/\"},{\"@type\":\"ListItem\",\"position\":2,\"name\":\"Video\",\"item\":\"https:\/\/evfleets.electricautonomy.ca\/fr\/video\/\"},{\"@type\":\"ListItem\",\"position\":3,\"name\":\"Un regard bas\u00e9 sur des donn\u00e9es pour savoir o\u00f9 les camions \u00e9lectriques sont les plus performants\"}]},{\"@type\":\"WebSite\",\"@id\":\"https:\/\/evfleets.electricautonomy.ca\/fr\/#website\",\"url\":\"https:\/\/evfleets.electricautonomy.ca\/fr\/\",\"name\":\"Parcs VE Pro\",\"description\":\"L&#039;avenir des parcs automobiles est \u00e9lectrique\",\"publisher\":{\"@id\":\"https:\/\/evfleets.electricautonomy.ca\/fr\/#organization\"},\"potentialAction\":[{\"@type\":\"SearchAction\",\"target\":{\"@type\":\"EntryPoint\",\"urlTemplate\":\"https:\/\/evfleets.electricautonomy.ca\/fr\/?s={search_term_string}\"},\"query-input\":\"required name=search_term_string\"}],\"inLanguage\":\"fr-FR\"},{\"@type\":\"Organization\",\"@id\":\"https:\/\/evfleets.electricautonomy.ca\/fr\/#organization\",\"name\":\"Parcs VE Pro\",\"url\":\"https:\/\/evfleets.electricautonomy.ca\/fr\/\",\"logo\":{\"@type\":\"ImageObject\",\"inLanguage\":\"fr-FR\",\"@id\":\"https:\/\/evfleets.electricautonomy.ca\/fr\/#\/schema\/logo\/image\/\",\"url\":\"https:\/\/evfleets.electricautonomy.ca\/fr\/wp-content\/uploads\/sites\/2\/2024\/06\/Parcs-VE-Logo-blanc.png\",\"contentUrl\":\"https:\/\/evfleets.electricautonomy.ca\/fr\/wp-content\/uploads\/sites\/2\/2024\/06\/Parcs-VE-Logo-blanc.png\",\"width\":786,\"height\":123,\"caption\":\"Parcs VE Pro\"},\"image\":{\"@id\":\"https:\/\/evfleets.electricautonomy.ca\/fr\/#\/schema\/logo\/image\/\"}}]}<\/script>","yoast_head_json":{"title":"Un regard bas\u00e9 sur des donn\u00e9es pour savoir o\u00f9 les camions \u00e9lectriques sont les plus performants - Parcs VE Pro","description":"L'Institut du v\u00e9hicule innovant (IVI) a identifi\u00e9 les principaux crit\u00e8res de r\u00e9ussite pour un d\u00e9ploiement optimal des v\u00e9hicules \u00e9lectriques.","robots":{"index":"index","follow":"follow","max-snippet":"max-snippet:-1","max-image-preview":"max-image-preview:large","max-video-preview":"max-video-preview:-1"},"canonical":"https:\/\/evfleets.electricautonomy.ca\/fr\/video\/un-regard-base-sur-des-donnees-pour-savoir-ou-les-camions-electriques-sont-les-plus-performants\/","og_locale":"fr_FR","og_type":"article","og_title":"Un regard bas\u00e9 sur des donn\u00e9es pour savoir o\u00f9 les camions \u00e9lectriques sont les plus performants - Parcs VE Pro","og_description":"L'Institut du v\u00e9hicule innovant (IVI) a identifi\u00e9 les principaux crit\u00e8res de r\u00e9ussite pour un d\u00e9ploiement optimal des v\u00e9hicules \u00e9lectriques.","og_url":"https:\/\/evfleets.electricautonomy.ca\/fr\/video\/un-regard-base-sur-des-donnees-pour-savoir-ou-les-camions-electriques-sont-les-plus-performants\/","og_site_name":"Parcs VE Pro","article_modified_time":"2024-06-24T19:39:04+00:00","og_image":[{"width":1920,"height":1080,"url":"https:\/\/evfleets.electricautonomy.ca\/fr\/wp-content\/uploads\/sites\/2\/2024\/06\/May-2-Expo-2024-FORMULA-FOR-SUCCESS-IVI.png","type":"image\/png"}],"twitter_card":"summary_large_image","twitter_misc":{"Dur\u00e9e de lecture estim\u00e9e":"2 minutes"},"schema":{"@context":"https:\/\/schema.org","@graph":[{"@type":"WebPage","@id":"https:\/\/evfleets.electricautonomy.ca\/fr\/video\/un-regard-base-sur-des-donnees-pour-savoir-ou-les-camions-electriques-sont-les-plus-performants\/","url":"https:\/\/evfleets.electricautonomy.ca\/fr\/video\/un-regard-base-sur-des-donnees-pour-savoir-ou-les-camions-electriques-sont-les-plus-performants\/","name":"Un regard bas\u00e9 sur des donn\u00e9es pour savoir o\u00f9 les camions \u00e9lectriques sont les plus performants - Parcs VE Pro","isPartOf":{"@id":"https:\/\/evfleets.electricautonomy.ca\/fr\/#website"},"datePublished":"2024-06-24T16:43:17+00:00","dateModified":"2024-06-24T19:39:04+00:00","description":"L'Institut du v\u00e9hicule innovant (IVI) a identifi\u00e9 les principaux crit\u00e8res de r\u00e9ussite pour un d\u00e9ploiement optimal des v\u00e9hicules \u00e9lectriques.","breadcrumb":{"@id":"https:\/\/evfleets.electricautonomy.ca\/fr\/video\/un-regard-base-sur-des-donnees-pour-savoir-ou-les-camions-electriques-sont-les-plus-performants\/#breadcrumb"},"inLanguage":"fr-FR","potentialAction":[{"@type":"ReadAction","target":["https:\/\/evfleets.electricautonomy.ca\/fr\/video\/un-regard-base-sur-des-donnees-pour-savoir-ou-les-camions-electriques-sont-les-plus-performants\/"]}]},{"@type":"BreadcrumbList","@id":"https:\/\/evfleets.electricautonomy.ca\/fr\/video\/un-regard-base-sur-des-donnees-pour-savoir-ou-les-camions-electriques-sont-les-plus-performants\/#breadcrumb","itemListElement":[{"@type":"ListItem","position":1,"name":"Home","item":"https:\/\/evfleets.electricautonomy.ca\/fr\/"},{"@type":"ListItem","position":2,"name":"Video","item":"https:\/\/evfleets.electricautonomy.ca\/fr\/video\/"},{"@type":"ListItem","position":3,"name":"Un regard bas\u00e9 sur des donn\u00e9es pour savoir o\u00f9 les camions \u00e9lectriques sont les plus performants"}]},{"@type":"WebSite","@id":"https:\/\/evfleets.electricautonomy.ca\/fr\/#website","url":"https:\/\/evfleets.electricautonomy.ca\/fr\/","name":"Parcs VE Pro","description":"L&#039;avenir des parcs automobiles est \u00e9lectrique","publisher":{"@id":"https:\/\/evfleets.electricautonomy.ca\/fr\/#organization"},"potentialAction":[{"@type":"SearchAction","target":{"@type":"EntryPoint","urlTemplate":"https:\/\/evfleets.electricautonomy.ca\/fr\/?s={search_term_string}"},"query-input":"required name=search_term_string"}],"inLanguage":"fr-FR"},{"@type":"Organization","@id":"https:\/\/evfleets.electricautonomy.ca\/fr\/#organization","name":"Parcs VE Pro","url":"https:\/\/evfleets.electricautonomy.ca\/fr\/","logo":{"@type":"ImageObject","inLanguage":"fr-FR","@id":"https:\/\/evfleets.electricautonomy.ca\/fr\/#\/schema\/logo\/image\/","url":"https:\/\/evfleets.electricautonomy.ca\/fr\/wp-content\/uploads\/sites\/2\/2024\/06\/Parcs-VE-Logo-blanc.png","contentUrl":"https:\/\/evfleets.electricautonomy.ca\/fr\/wp-content\/uploads\/sites\/2\/2024\/06\/Parcs-VE-Logo-blanc.png","width":786,"height":123,"caption":"Parcs VE Pro"},"image":{"@id":"https:\/\/evfleets.electricautonomy.ca\/fr\/#\/schema\/logo\/image\/"}}]}},"_links":{"self":[{"href":"https:\/\/evfleets.electricautonomy.ca\/fr\/wp-json\/wp\/v2\/video\/3525","targetHints":{"allow":["GET"]}}],"collection":[{"href":"https:\/\/evfleets.electricautonomy.ca\/fr\/wp-json\/wp\/v2\/video"}],"about":[{"href":"https:\/\/evfleets.electricautonomy.ca\/fr\/wp-json\/wp\/v2\/types\/video"}],"wp:featuredmedia":[{"embeddable":true,"href":"https:\/\/evfleets.electricautonomy.ca\/fr\/wp-json\/wp\/v2\/media\/3516"}],"wp:attachment":[{"href":"https:\/\/evfleets.electricautonomy.ca\/fr\/wp-json\/wp\/v2\/media?parent=3525"}],"curies":[{"name":"wp","href":"https:\/\/api.w.org\/{rel}","templated":true}]}}