{"id":3524,"date":"2024-06-24T12:39:03","date_gmt":"2024-06-24T16:39:03","guid":{"rendered":"https:\/\/evfleets.electricautonomy.ca\/fr\/?post_type=video&#038;p=3524"},"modified":"2024-06-24T15:39:09","modified_gmt":"2024-06-24T19:39:09","slug":"un-guide-pratique-pour-lentretien-et-la-reparation-des-infrastructures-de-recharge-pour-ve","status":"publish","type":"video","link":"https:\/\/evfleets.electricautonomy.ca\/fr\/video\/un-guide-pratique-pour-lentretien-et-la-reparation-des-infrastructures-de-recharge-pour-ve\/","title":{"rendered":"Un guide pratique pour l&rsquo;entretien et la r\u00e9paration des infrastructures de recharge pour VE"},"content":{"rendered":"\n<p>Selon un rapport r\u00e9cent de J.D. Power, plus de 20 % des conducteurs de VE utilisant des stations de recharge publiques ont \u00e9t\u00e9 confront\u00e9s \u00e0 des pannes de recharge ou \u00e0 des dysfonctionnements de l&rsquo;\u00e9quipement qui les ont emp\u00each\u00e9s de recharger leur v\u00e9hicule. Qu&rsquo;il s&rsquo;agisse de recharge publique ou de recharge de flotte, le temps de fonctionnement et la disponibilit\u00e9 de l&rsquo;infrastructure de recharge de notre pays sont essentiels pour garantir l&rsquo;adoption des v\u00e9hicules \u00e9lectriques.<\/p>\n\n\n\n<p>Cette pr\u00e9sentation de BGIS met en \u00e9vidence les meilleures pratiques pour assurer la fiabilit\u00e9 des chargeurs de plus de 3 000 chargeurs et 40 000 installations immobili\u00e8res commerciales sous leur exploitation et leur gestion. Nous discuterons des op\u00e9rations 24\/7, de la surveillance proactive, de la r\u00e9partition et du suivi normalis\u00e9s, de la gestion du cycle de vie complet des actifs, des processus de s\u00e9curit\u00e9 int\u00e9gr\u00e9s, de la formation et des certifications, de la logistique des pi\u00e8ces et de l&rsquo;\u00e9quipement et de la gestion des risques.<\/p>\n\n\n\n<p><em>Cette vid\u00e9o n\u2019est disponible qu\u2019en anglais, avec sous-titres offerts par YouTube.<\/em><\/p>\n\n\n\n<figure class=\"wp-block-embed is-type-video is-provider-youtube wp-block-embed-youtube wp-embed-aspect-16-9 wp-has-aspect-ratio\"><div class=\"wp-block-embed__wrapper\">\n<div class=\"ast-oembed-container\" style=\"height: 100%;\"><iframe loading=\"lazy\" title=\"A practical guide to EV infrastructure maintenance and repair\" width=\"500\" height=\"281\" src=\"https:\/\/www.youtube.com\/embed\/TmSVPFHNT5g?feature=oembed\" frameborder=\"0\" allow=\"accelerometer; autoplay; clipboard-write; encrypted-media; gyroscope; picture-in-picture; web-share\" referrerpolicy=\"strict-origin-when-cross-origin\" allowfullscreen><\/iframe><\/div>\n<\/div><figcaption class=\"wp-element-caption\"><em>Pour activer les sous-titres g\u00e9n\u00e9r\u00e9s automatiquement par YouTube, cliquez sur le bouton \u33c4 \u201cSous-titres\/sous-titres cod\u00e9s (c)\u201d. Pour changer la s\u00e9lection de langue, appuyer sur le bouton \u26ed \u201cParam\u00e8tres\u201d.<\/em><\/figcaption><\/figure>\n\n\n\n<h2 class=\"wp-block-heading\">Intervenants<\/h2>\n\n\n\n<ul class=\"wp-block-list\">\n<li><strong>Greg Woodhouse,<\/strong> vice-pr\u00e9sident nord-am\u00e9ricain des services professionnels chez BGIS<\/li>\n\n\n\n<li><strong>Andrew Hicks,<\/strong> directeur national, E-Mobilit\u00e9 chez BGIS<\/li>\n<\/ul>\n\n\n\n<p>Cette session a \u00e9t\u00e9 enregistr\u00e9e lors de l&rsquo;EV &amp; Charging Expo le 1er mai 2024, \u00e0 l&rsquo;Enercare Centre de Toronto.<\/p>\n","protected":false},"excerpt":{"rendered":"Cette pr\u00e9sentation de BGIS met en \u00e9vidence les meilleures pratiques pour assurer la fiabilit\u00e9 des chargeurs et des installations dont ils assurent l&rsquo;exploitation et la gestion.","protected":false},"featured_media":3509,"template":"","meta":{"content-type":"","site-sidebar-layout":"default","site-content-layout":"default","ast-global-header-display":"","ast-banner-title-visibility":"","ast-main-header-display":"","ast-hfb-above-header-display":"","ast-hfb-below-header-display":"","ast-hfb-mobile-header-display":"","site-post-title":"","ast-breadcrumbs-content":null,"ast-featured-img":"","footer-sml-layout":"","theme-transparent-header-meta":"","adv-header-id-meta":null,"stick-header-meta":"","header-above-stick-meta":null,"header-main-stick-meta":"","header-below-stick-meta":null},"class_list":["post-3524","video","type-video","status-publish","has-post-thumbnail","hentry","video-category-conferences-ev-charging-expo"],"acf":[],"yoast_head":"<title>Un guide pratique pour l&#039;entretien et la r\u00e9paration des infrastructures de recharge pour VE - Parcs VE Pro<\/title>\n<meta name=\"description\" content=\"Cette pr\u00e9sentation de BGIS met en \u00e9vidence les meilleures pratiques pour assurer la fiabilit\u00e9 des chargeurs et des installations dont ils assurent l&#039;exploitation et la gestion.\" \/>\n<meta name=\"robots\" content=\"index, follow, max-snippet:-1, max-image-preview:large, max-video-preview:-1\" \/>\n<link rel=\"canonical\" href=\"https:\/\/evfleets.electricautonomy.ca\/fr\/video\/un-guide-pratique-pour-lentretien-et-la-reparation-des-infrastructures-de-recharge-pour-ve\/\" \/>\n<meta property=\"og:locale\" content=\"fr_FR\" \/>\n<meta property=\"og:type\" content=\"article\" \/>\n<meta property=\"og:title\" content=\"Un guide pratique pour l&#039;entretien et la r\u00e9paration des infrastructures de recharge pour VE - Parcs VE Pro\" \/>\n<meta property=\"og:description\" content=\"Cette pr\u00e9sentation de BGIS met en \u00e9vidence les meilleures pratiques pour assurer la fiabilit\u00e9 des chargeurs et des installations dont ils assurent l&#039;exploitation et la gestion.\" \/>\n<meta property=\"og:url\" content=\"https:\/\/evfleets.electricautonomy.ca\/fr\/video\/un-guide-pratique-pour-lentretien-et-la-reparation-des-infrastructures-de-recharge-pour-ve\/\" \/>\n<meta property=\"og:site_name\" content=\"Parcs VE Pro\" \/>\n<meta property=\"article:modified_time\" content=\"2024-06-24T19:39:09+00:00\" \/>\n<meta property=\"og:image\" content=\"https:\/\/evfleets.electricautonomy.ca\/fr\/wp-content\/uploads\/sites\/2\/2024\/06\/May-1-Expo-2024-Hold-Slide-EV-INFRASTRUCTURE-MAINTENANCE.png\" \/>\n\t<meta property=\"og:image:width\" content=\"1920\" \/>\n\t<meta property=\"og:image:height\" content=\"1080\" \/>\n\t<meta property=\"og:image:type\" content=\"image\/png\" \/>\n<meta name=\"twitter:card\" content=\"summary_large_image\" \/>\n<meta name=\"twitter:label1\" content=\"Dur\u00e9e de lecture estim\u00e9e\" \/>\n\t<meta name=\"twitter:data1\" content=\"2 minutes\" \/>\n<script type=\"application\/ld+json\" class=\"yoast-schema-graph\">{\"@context\":\"https:\/\/schema.org\",\"@graph\":[{\"@type\":\"WebPage\",\"@id\":\"https:\/\/evfleets.electricautonomy.ca\/fr\/video\/un-guide-pratique-pour-lentretien-et-la-reparation-des-infrastructures-de-recharge-pour-ve\/\",\"url\":\"https:\/\/evfleets.electricautonomy.ca\/fr\/video\/un-guide-pratique-pour-lentretien-et-la-reparation-des-infrastructures-de-recharge-pour-ve\/\",\"name\":\"Un guide pratique pour l'entretien et la r\u00e9paration des infrastructures de recharge pour VE - Parcs VE Pro\",\"isPartOf\":{\"@id\":\"https:\/\/evfleets.electricautonomy.ca\/fr\/#website\"},\"datePublished\":\"2024-06-24T16:39:03+00:00\",\"dateModified\":\"2024-06-24T19:39:09+00:00\",\"description\":\"Cette pr\u00e9sentation de BGIS met en \u00e9vidence les meilleures pratiques pour assurer la fiabilit\u00e9 des chargeurs et des installations dont ils assurent l'exploitation et la gestion.\",\"breadcrumb\":{\"@id\":\"https:\/\/evfleets.electricautonomy.ca\/fr\/video\/un-guide-pratique-pour-lentretien-et-la-reparation-des-infrastructures-de-recharge-pour-ve\/#breadcrumb\"},\"inLanguage\":\"fr-FR\",\"potentialAction\":[{\"@type\":\"ReadAction\",\"target\":[\"https:\/\/evfleets.electricautonomy.ca\/fr\/video\/un-guide-pratique-pour-lentretien-et-la-reparation-des-infrastructures-de-recharge-pour-ve\/\"]}]},{\"@type\":\"BreadcrumbList\",\"@id\":\"https:\/\/evfleets.electricautonomy.ca\/fr\/video\/un-guide-pratique-pour-lentretien-et-la-reparation-des-infrastructures-de-recharge-pour-ve\/#breadcrumb\",\"itemListElement\":[{\"@type\":\"ListItem\",\"position\":1,\"name\":\"Home\",\"item\":\"https:\/\/evfleets.electricautonomy.ca\/fr\/\"},{\"@type\":\"ListItem\",\"position\":2,\"name\":\"Video\",\"item\":\"https:\/\/evfleets.electricautonomy.ca\/fr\/video\/\"},{\"@type\":\"ListItem\",\"position\":3,\"name\":\"Un guide pratique pour l&#8217;entretien et la r\u00e9paration des infrastructures de recharge pour VE\"}]},{\"@type\":\"WebSite\",\"@id\":\"https:\/\/evfleets.electricautonomy.ca\/fr\/#website\",\"url\":\"https:\/\/evfleets.electricautonomy.ca\/fr\/\",\"name\":\"Parcs VE Pro\",\"description\":\"L&#039;avenir des parcs automobiles est \u00e9lectrique\",\"publisher\":{\"@id\":\"https:\/\/evfleets.electricautonomy.ca\/fr\/#organization\"},\"potentialAction\":[{\"@type\":\"SearchAction\",\"target\":{\"@type\":\"EntryPoint\",\"urlTemplate\":\"https:\/\/evfleets.electricautonomy.ca\/fr\/?s={search_term_string}\"},\"query-input\":\"required name=search_term_string\"}],\"inLanguage\":\"fr-FR\"},{\"@type\":\"Organization\",\"@id\":\"https:\/\/evfleets.electricautonomy.ca\/fr\/#organization\",\"name\":\"Parcs VE Pro\",\"url\":\"https:\/\/evfleets.electricautonomy.ca\/fr\/\",\"logo\":{\"@type\":\"ImageObject\",\"inLanguage\":\"fr-FR\",\"@id\":\"https:\/\/evfleets.electricautonomy.ca\/fr\/#\/schema\/logo\/image\/\",\"url\":\"https:\/\/evfleets.electricautonomy.ca\/fr\/wp-content\/uploads\/sites\/2\/2024\/06\/Parcs-VE-Logo-blanc.png\",\"contentUrl\":\"https:\/\/evfleets.electricautonomy.ca\/fr\/wp-content\/uploads\/sites\/2\/2024\/06\/Parcs-VE-Logo-blanc.png\",\"width\":786,\"height\":123,\"caption\":\"Parcs VE Pro\"},\"image\":{\"@id\":\"https:\/\/evfleets.electricautonomy.ca\/fr\/#\/schema\/logo\/image\/\"}}]}<\/script>","yoast_head_json":{"title":"Un guide pratique pour l'entretien et la r\u00e9paration des infrastructures de recharge pour VE - Parcs VE Pro","description":"Cette pr\u00e9sentation de BGIS met en \u00e9vidence les meilleures pratiques pour assurer la fiabilit\u00e9 des chargeurs et des installations dont ils assurent l'exploitation et la gestion.","robots":{"index":"index","follow":"follow","max-snippet":"max-snippet:-1","max-image-preview":"max-image-preview:large","max-video-preview":"max-video-preview:-1"},"canonical":"https:\/\/evfleets.electricautonomy.ca\/fr\/video\/un-guide-pratique-pour-lentretien-et-la-reparation-des-infrastructures-de-recharge-pour-ve\/","og_locale":"fr_FR","og_type":"article","og_title":"Un guide pratique pour l'entretien et la r\u00e9paration des infrastructures de recharge pour VE - Parcs VE Pro","og_description":"Cette pr\u00e9sentation de BGIS met en \u00e9vidence les meilleures pratiques pour assurer la fiabilit\u00e9 des chargeurs et des installations dont ils assurent l'exploitation et la gestion.","og_url":"https:\/\/evfleets.electricautonomy.ca\/fr\/video\/un-guide-pratique-pour-lentretien-et-la-reparation-des-infrastructures-de-recharge-pour-ve\/","og_site_name":"Parcs VE Pro","article_modified_time":"2024-06-24T19:39:09+00:00","og_image":[{"width":1920,"height":1080,"url":"https:\/\/evfleets.electricautonomy.ca\/fr\/wp-content\/uploads\/sites\/2\/2024\/06\/May-1-Expo-2024-Hold-Slide-EV-INFRASTRUCTURE-MAINTENANCE.png","type":"image\/png"}],"twitter_card":"summary_large_image","twitter_misc":{"Dur\u00e9e de lecture estim\u00e9e":"2 minutes"},"schema":{"@context":"https:\/\/schema.org","@graph":[{"@type":"WebPage","@id":"https:\/\/evfleets.electricautonomy.ca\/fr\/video\/un-guide-pratique-pour-lentretien-et-la-reparation-des-infrastructures-de-recharge-pour-ve\/","url":"https:\/\/evfleets.electricautonomy.ca\/fr\/video\/un-guide-pratique-pour-lentretien-et-la-reparation-des-infrastructures-de-recharge-pour-ve\/","name":"Un guide pratique pour l'entretien et la r\u00e9paration des infrastructures de recharge pour VE - Parcs VE Pro","isPartOf":{"@id":"https:\/\/evfleets.electricautonomy.ca\/fr\/#website"},"datePublished":"2024-06-24T16:39:03+00:00","dateModified":"2024-06-24T19:39:09+00:00","description":"Cette pr\u00e9sentation de BGIS met en \u00e9vidence les meilleures pratiques pour assurer la fiabilit\u00e9 des chargeurs et des installations dont ils assurent l'exploitation et la gestion.","breadcrumb":{"@id":"https:\/\/evfleets.electricautonomy.ca\/fr\/video\/un-guide-pratique-pour-lentretien-et-la-reparation-des-infrastructures-de-recharge-pour-ve\/#breadcrumb"},"inLanguage":"fr-FR","potentialAction":[{"@type":"ReadAction","target":["https:\/\/evfleets.electricautonomy.ca\/fr\/video\/un-guide-pratique-pour-lentretien-et-la-reparation-des-infrastructures-de-recharge-pour-ve\/"]}]},{"@type":"BreadcrumbList","@id":"https:\/\/evfleets.electricautonomy.ca\/fr\/video\/un-guide-pratique-pour-lentretien-et-la-reparation-des-infrastructures-de-recharge-pour-ve\/#breadcrumb","itemListElement":[{"@type":"ListItem","position":1,"name":"Home","item":"https:\/\/evfleets.electricautonomy.ca\/fr\/"},{"@type":"ListItem","position":2,"name":"Video","item":"https:\/\/evfleets.electricautonomy.ca\/fr\/video\/"},{"@type":"ListItem","position":3,"name":"Un guide pratique pour l&#8217;entretien et la r\u00e9paration des infrastructures de recharge pour VE"}]},{"@type":"WebSite","@id":"https:\/\/evfleets.electricautonomy.ca\/fr\/#website","url":"https:\/\/evfleets.electricautonomy.ca\/fr\/","name":"Parcs VE Pro","description":"L&#039;avenir des parcs automobiles est \u00e9lectrique","publisher":{"@id":"https:\/\/evfleets.electricautonomy.ca\/fr\/#organization"},"potentialAction":[{"@type":"SearchAction","target":{"@type":"EntryPoint","urlTemplate":"https:\/\/evfleets.electricautonomy.ca\/fr\/?s={search_term_string}"},"query-input":"required name=search_term_string"}],"inLanguage":"fr-FR"},{"@type":"Organization","@id":"https:\/\/evfleets.electricautonomy.ca\/fr\/#organization","name":"Parcs VE Pro","url":"https:\/\/evfleets.electricautonomy.ca\/fr\/","logo":{"@type":"ImageObject","inLanguage":"fr-FR","@id":"https:\/\/evfleets.electricautonomy.ca\/fr\/#\/schema\/logo\/image\/","url":"https:\/\/evfleets.electricautonomy.ca\/fr\/wp-content\/uploads\/sites\/2\/2024\/06\/Parcs-VE-Logo-blanc.png","contentUrl":"https:\/\/evfleets.electricautonomy.ca\/fr\/wp-content\/uploads\/sites\/2\/2024\/06\/Parcs-VE-Logo-blanc.png","width":786,"height":123,"caption":"Parcs VE Pro"},"image":{"@id":"https:\/\/evfleets.electricautonomy.ca\/fr\/#\/schema\/logo\/image\/"}}]}},"_links":{"self":[{"href":"https:\/\/evfleets.electricautonomy.ca\/fr\/wp-json\/wp\/v2\/video\/3524","targetHints":{"allow":["GET"]}}],"collection":[{"href":"https:\/\/evfleets.electricautonomy.ca\/fr\/wp-json\/wp\/v2\/video"}],"about":[{"href":"https:\/\/evfleets.electricautonomy.ca\/fr\/wp-json\/wp\/v2\/types\/video"}],"wp:featuredmedia":[{"embeddable":true,"href":"https:\/\/evfleets.electricautonomy.ca\/fr\/wp-json\/wp\/v2\/media\/3509"}],"wp:attachment":[{"href":"https:\/\/evfleets.electricautonomy.ca\/fr\/wp-json\/wp\/v2\/media?parent=3524"}],"curies":[{"name":"wp","href":"https:\/\/api.w.org\/{rel}","templated":true}]}}