{"id":3520,"date":"2024-06-24T12:12:01","date_gmt":"2024-06-24T16:12:01","guid":{"rendered":"https:\/\/evfleets.electricautonomy.ca\/fr\/?post_type=video&#038;p=3520"},"modified":"2024-06-24T15:40:36","modified_gmt":"2024-06-24T19:40:36","slug":"le-parc-automobile-du-plus-grand-epicier-du-canada-passe-a-lelectricite","status":"publish","type":"video","link":"https:\/\/evfleets.electricautonomy.ca\/fr\/video\/le-parc-automobile-du-plus-grand-epicier-du-canada-passe-a-lelectricite\/","title":{"rendered":"Le parc automobile du plus grand \u00e9picier du Canada passe \u00e0 l&rsquo;\u00e9lectricit\u00e9"},"content":{"rendered":"\n<p>Qu&rsquo;il s&rsquo;agisse d&rsquo;un cadre sup\u00e9rieur ou d&rsquo;un pharmacien de rel\u00e8ve, Les Compagnies Loblaw est en train de faire passer son parc de plus de 1 200 v\u00e9hicules \u00e0 z\u00e9ro \u00e9mission au cours des six prochaines ann\u00e9es. Apprenez comment ils y parviennent gr\u00e2ce \u00e0 de nouveaux conseillers en mobilit\u00e9, Arc by Element, par le biais de projets pilotes plus intelligents et de changements strat\u00e9giques, tels que la modification des outils de s\u00e9lection des v\u00e9hicules et le recrutement de commanditaires ex\u00e9cutifs en tant qu&rsquo;influenceurs internes.<\/p>\n\n\n\n<p><em>Cette vid\u00e9o n\u2019est disponible qu\u2019en anglais, avec sous-titres offerts par YouTube.<\/em><\/p>\n\n\n\n<figure class=\"wp-block-embed is-type-video is-provider-youtube wp-block-embed-youtube wp-embed-aspect-16-9 wp-has-aspect-ratio\"><div class=\"wp-block-embed__wrapper\">\n<div class=\"ast-oembed-container\" style=\"height: 100%;\"><iframe loading=\"lazy\" title=\"The corporate fleet at Canada&#039;s biggest grocer goes electric\" width=\"500\" height=\"281\" src=\"https:\/\/www.youtube.com\/embed\/LqIGvH-bZ0o?feature=oembed\" frameborder=\"0\" allow=\"accelerometer; autoplay; clipboard-write; encrypted-media; gyroscope; picture-in-picture; web-share\" referrerpolicy=\"strict-origin-when-cross-origin\" allowfullscreen><\/iframe><\/div>\n<\/div><figcaption class=\"wp-element-caption\"><em>Pour activer les sous-titres g\u00e9n\u00e9r\u00e9s automatiquement par YouTube, cliquez sur le bouton \u33c4 \u201cSous-titres\/sous-titres cod\u00e9s (c)\u201d. Pour changer la s\u00e9lection de langue, appuyer sur le bouton \u26ed \u201cParam\u00e8tres\u201d.<\/em><\/figcaption><\/figure>\n\n\n\n<h2 class=\"wp-block-heading\">Intervenants<\/h2>\n\n\n\n<ul class=\"wp-block-list\">\n<li><strong>James Carter,<\/strong> consultant principal chez Vision Mobility (mod\u00e9rateur)<\/li>\n\n\n\n<li><strong>Rebecca Moorey,<\/strong> directrice principale du parc automobile et des programmes nationaux de ressources humaines chez Les Compagnies Loblaw Lt\u00e9e<\/li>\n\n\n\n<li><strong>Avninder Buttar,<\/strong> vice-pr\u00e9sident principal et chef de l&rsquo;\u00e9lectrification chez Element Fleet Management<\/li>\n<\/ul>\n\n\n\n<p>Cette discussion a \u00e9t\u00e9 enregistr\u00e9e lors de l&rsquo;EV &amp; Charging Expo, le 1er mai 2024, au Enercare Centre de Toronto.<\/p>\n","protected":false},"excerpt":{"rendered":"Qu&rsquo;il s&rsquo;agisse d&rsquo;un cadre sup\u00e9rieur ou d&rsquo;un pharmacien de rel\u00e8ve, Les Compagnies Loblaw s&rsquo;appr\u00eate \u00e0 faire passer son parc de plus de 1 200 v\u00e9hicules \u00e0 z\u00e9ro \u00e9mission au cours des six prochaines ann\u00e9es.","protected":false},"featured_media":3511,"template":"","meta":{"content-type":"","site-sidebar-layout":"default","site-content-layout":"default","ast-global-header-display":"","ast-banner-title-visibility":"","ast-main-header-display":"","ast-hfb-above-header-display":"","ast-hfb-below-header-display":"","ast-hfb-mobile-header-display":"","site-post-title":"","ast-breadcrumbs-content":null,"ast-featured-img":"","footer-sml-layout":"","theme-transparent-header-meta":"","adv-header-id-meta":null,"stick-header-meta":"","header-above-stick-meta":null,"header-main-stick-meta":"","header-below-stick-meta":null},"class_list":["post-3520","video","type-video","status-publish","has-post-thumbnail","hentry","video-category-conferences-ev-charging-expo"],"acf":[],"yoast_head":"<title>Le parc automobile du plus grand \u00e9picier du Canada passe \u00e0 l&#039;\u00e9lectricit\u00e9 - Parcs VE Pro<\/title>\n<meta name=\"description\" content=\"Qu&#039;il s&#039;agisse d&#039;un cadre sup\u00e9rieur ou d&#039;un pharmacien de rel\u00e8ve, Les Compagnies Loblaw s&#039;appr\u00eate \u00e0 faire passer son parc de plus de 1 200 v\u00e9hicules \u00e0 z\u00e9ro \u00e9mission au cours des six prochaines ann\u00e9es.\" \/>\n<meta name=\"robots\" content=\"index, follow, max-snippet:-1, max-image-preview:large, max-video-preview:-1\" \/>\n<link rel=\"canonical\" href=\"https:\/\/evfleets.electricautonomy.ca\/fr\/video\/le-parc-automobile-du-plus-grand-epicier-du-canada-passe-a-lelectricite\/\" \/>\n<meta property=\"og:locale\" content=\"fr_FR\" \/>\n<meta property=\"og:type\" content=\"article\" \/>\n<meta property=\"og:title\" content=\"Le parc automobile du plus grand \u00e9picier du Canada passe \u00e0 l&#039;\u00e9lectricit\u00e9 - Parcs VE Pro\" \/>\n<meta property=\"og:description\" content=\"Qu&#039;il s&#039;agisse d&#039;un cadre sup\u00e9rieur ou d&#039;un pharmacien de rel\u00e8ve, Les Compagnies Loblaw s&#039;appr\u00eate \u00e0 faire passer son parc de plus de 1 200 v\u00e9hicules \u00e0 z\u00e9ro \u00e9mission au cours des six prochaines ann\u00e9es.\" \/>\n<meta property=\"og:url\" content=\"https:\/\/evfleets.electricautonomy.ca\/fr\/video\/le-parc-automobile-du-plus-grand-epicier-du-canada-passe-a-lelectricite\/\" \/>\n<meta property=\"og:site_name\" content=\"Parcs VE Pro\" \/>\n<meta property=\"article:modified_time\" content=\"2024-06-24T19:40:36+00:00\" \/>\n<meta property=\"og:image\" content=\"https:\/\/evfleets.electricautonomy.ca\/fr\/wp-content\/uploads\/sites\/2\/2024\/06\/May-1-Expo-2024-Hold-Slide-LOBLAW-COMPANIES-FINAL.png\" \/>\n\t<meta property=\"og:image:width\" content=\"1920\" \/>\n\t<meta property=\"og:image:height\" content=\"1080\" \/>\n\t<meta property=\"og:image:type\" content=\"image\/png\" \/>\n<meta name=\"twitter:card\" content=\"summary_large_image\" \/>\n<meta name=\"twitter:label1\" content=\"Dur\u00e9e de lecture estim\u00e9e\" \/>\n\t<meta name=\"twitter:data1\" content=\"1 minute\" \/>\n<script type=\"application\/ld+json\" class=\"yoast-schema-graph\">{\"@context\":\"https:\/\/schema.org\",\"@graph\":[{\"@type\":\"WebPage\",\"@id\":\"https:\/\/evfleets.electricautonomy.ca\/fr\/video\/le-parc-automobile-du-plus-grand-epicier-du-canada-passe-a-lelectricite\/\",\"url\":\"https:\/\/evfleets.electricautonomy.ca\/fr\/video\/le-parc-automobile-du-plus-grand-epicier-du-canada-passe-a-lelectricite\/\",\"name\":\"Le parc automobile du plus grand \u00e9picier du Canada passe \u00e0 l'\u00e9lectricit\u00e9 - Parcs VE Pro\",\"isPartOf\":{\"@id\":\"https:\/\/evfleets.electricautonomy.ca\/fr\/#website\"},\"datePublished\":\"2024-06-24T16:12:01+00:00\",\"dateModified\":\"2024-06-24T19:40:36+00:00\",\"description\":\"Qu'il s'agisse d'un cadre sup\u00e9rieur ou d'un pharmacien de rel\u00e8ve, Les Compagnies Loblaw s'appr\u00eate \u00e0 faire passer son parc de plus de 1 200 v\u00e9hicules \u00e0 z\u00e9ro \u00e9mission au cours des six prochaines ann\u00e9es.\",\"breadcrumb\":{\"@id\":\"https:\/\/evfleets.electricautonomy.ca\/fr\/video\/le-parc-automobile-du-plus-grand-epicier-du-canada-passe-a-lelectricite\/#breadcrumb\"},\"inLanguage\":\"fr-FR\",\"potentialAction\":[{\"@type\":\"ReadAction\",\"target\":[\"https:\/\/evfleets.electricautonomy.ca\/fr\/video\/le-parc-automobile-du-plus-grand-epicier-du-canada-passe-a-lelectricite\/\"]}]},{\"@type\":\"BreadcrumbList\",\"@id\":\"https:\/\/evfleets.electricautonomy.ca\/fr\/video\/le-parc-automobile-du-plus-grand-epicier-du-canada-passe-a-lelectricite\/#breadcrumb\",\"itemListElement\":[{\"@type\":\"ListItem\",\"position\":1,\"name\":\"Home\",\"item\":\"https:\/\/evfleets.electricautonomy.ca\/fr\/\"},{\"@type\":\"ListItem\",\"position\":2,\"name\":\"Video\",\"item\":\"https:\/\/evfleets.electricautonomy.ca\/fr\/video\/\"},{\"@type\":\"ListItem\",\"position\":3,\"name\":\"Le parc automobile du plus grand \u00e9picier du Canada passe \u00e0 l&#8217;\u00e9lectricit\u00e9\"}]},{\"@type\":\"WebSite\",\"@id\":\"https:\/\/evfleets.electricautonomy.ca\/fr\/#website\",\"url\":\"https:\/\/evfleets.electricautonomy.ca\/fr\/\",\"name\":\"Parcs VE Pro\",\"description\":\"L&#039;avenir des parcs automobiles est \u00e9lectrique\",\"publisher\":{\"@id\":\"https:\/\/evfleets.electricautonomy.ca\/fr\/#organization\"},\"potentialAction\":[{\"@type\":\"SearchAction\",\"target\":{\"@type\":\"EntryPoint\",\"urlTemplate\":\"https:\/\/evfleets.electricautonomy.ca\/fr\/?s={search_term_string}\"},\"query-input\":\"required name=search_term_string\"}],\"inLanguage\":\"fr-FR\"},{\"@type\":\"Organization\",\"@id\":\"https:\/\/evfleets.electricautonomy.ca\/fr\/#organization\",\"name\":\"Parcs VE Pro\",\"url\":\"https:\/\/evfleets.electricautonomy.ca\/fr\/\",\"logo\":{\"@type\":\"ImageObject\",\"inLanguage\":\"fr-FR\",\"@id\":\"https:\/\/evfleets.electricautonomy.ca\/fr\/#\/schema\/logo\/image\/\",\"url\":\"https:\/\/evfleets.electricautonomy.ca\/fr\/wp-content\/uploads\/sites\/2\/2024\/06\/Parcs-VE-Logo-blanc.png\",\"contentUrl\":\"https:\/\/evfleets.electricautonomy.ca\/fr\/wp-content\/uploads\/sites\/2\/2024\/06\/Parcs-VE-Logo-blanc.png\",\"width\":786,\"height\":123,\"caption\":\"Parcs VE Pro\"},\"image\":{\"@id\":\"https:\/\/evfleets.electricautonomy.ca\/fr\/#\/schema\/logo\/image\/\"}}]}<\/script>","yoast_head_json":{"title":"Le parc automobile du plus grand \u00e9picier du Canada passe \u00e0 l'\u00e9lectricit\u00e9 - Parcs VE Pro","description":"Qu'il s'agisse d'un cadre sup\u00e9rieur ou d'un pharmacien de rel\u00e8ve, Les Compagnies Loblaw s'appr\u00eate \u00e0 faire passer son parc de plus de 1 200 v\u00e9hicules \u00e0 z\u00e9ro \u00e9mission au cours des six prochaines ann\u00e9es.","robots":{"index":"index","follow":"follow","max-snippet":"max-snippet:-1","max-image-preview":"max-image-preview:large","max-video-preview":"max-video-preview:-1"},"canonical":"https:\/\/evfleets.electricautonomy.ca\/fr\/video\/le-parc-automobile-du-plus-grand-epicier-du-canada-passe-a-lelectricite\/","og_locale":"fr_FR","og_type":"article","og_title":"Le parc automobile du plus grand \u00e9picier du Canada passe \u00e0 l'\u00e9lectricit\u00e9 - Parcs VE Pro","og_description":"Qu'il s'agisse d'un cadre sup\u00e9rieur ou d'un pharmacien de rel\u00e8ve, Les Compagnies Loblaw s'appr\u00eate \u00e0 faire passer son parc de plus de 1 200 v\u00e9hicules \u00e0 z\u00e9ro \u00e9mission au cours des six prochaines ann\u00e9es.","og_url":"https:\/\/evfleets.electricautonomy.ca\/fr\/video\/le-parc-automobile-du-plus-grand-epicier-du-canada-passe-a-lelectricite\/","og_site_name":"Parcs VE Pro","article_modified_time":"2024-06-24T19:40:36+00:00","og_image":[{"width":1920,"height":1080,"url":"https:\/\/evfleets.electricautonomy.ca\/fr\/wp-content\/uploads\/sites\/2\/2024\/06\/May-1-Expo-2024-Hold-Slide-LOBLAW-COMPANIES-FINAL.png","type":"image\/png"}],"twitter_card":"summary_large_image","twitter_misc":{"Dur\u00e9e de lecture estim\u00e9e":"1 minute"},"schema":{"@context":"https:\/\/schema.org","@graph":[{"@type":"WebPage","@id":"https:\/\/evfleets.electricautonomy.ca\/fr\/video\/le-parc-automobile-du-plus-grand-epicier-du-canada-passe-a-lelectricite\/","url":"https:\/\/evfleets.electricautonomy.ca\/fr\/video\/le-parc-automobile-du-plus-grand-epicier-du-canada-passe-a-lelectricite\/","name":"Le parc automobile du plus grand \u00e9picier du Canada passe \u00e0 l'\u00e9lectricit\u00e9 - Parcs VE Pro","isPartOf":{"@id":"https:\/\/evfleets.electricautonomy.ca\/fr\/#website"},"datePublished":"2024-06-24T16:12:01+00:00","dateModified":"2024-06-24T19:40:36+00:00","description":"Qu'il s'agisse d'un cadre sup\u00e9rieur ou d'un pharmacien de rel\u00e8ve, Les Compagnies Loblaw s'appr\u00eate \u00e0 faire passer son parc de plus de 1 200 v\u00e9hicules \u00e0 z\u00e9ro \u00e9mission au cours des six prochaines ann\u00e9es.","breadcrumb":{"@id":"https:\/\/evfleets.electricautonomy.ca\/fr\/video\/le-parc-automobile-du-plus-grand-epicier-du-canada-passe-a-lelectricite\/#breadcrumb"},"inLanguage":"fr-FR","potentialAction":[{"@type":"ReadAction","target":["https:\/\/evfleets.electricautonomy.ca\/fr\/video\/le-parc-automobile-du-plus-grand-epicier-du-canada-passe-a-lelectricite\/"]}]},{"@type":"BreadcrumbList","@id":"https:\/\/evfleets.electricautonomy.ca\/fr\/video\/le-parc-automobile-du-plus-grand-epicier-du-canada-passe-a-lelectricite\/#breadcrumb","itemListElement":[{"@type":"ListItem","position":1,"name":"Home","item":"https:\/\/evfleets.electricautonomy.ca\/fr\/"},{"@type":"ListItem","position":2,"name":"Video","item":"https:\/\/evfleets.electricautonomy.ca\/fr\/video\/"},{"@type":"ListItem","position":3,"name":"Le parc automobile du plus grand \u00e9picier du Canada passe \u00e0 l&#8217;\u00e9lectricit\u00e9"}]},{"@type":"WebSite","@id":"https:\/\/evfleets.electricautonomy.ca\/fr\/#website","url":"https:\/\/evfleets.electricautonomy.ca\/fr\/","name":"Parcs VE Pro","description":"L&#039;avenir des parcs automobiles est \u00e9lectrique","publisher":{"@id":"https:\/\/evfleets.electricautonomy.ca\/fr\/#organization"},"potentialAction":[{"@type":"SearchAction","target":{"@type":"EntryPoint","urlTemplate":"https:\/\/evfleets.electricautonomy.ca\/fr\/?s={search_term_string}"},"query-input":"required name=search_term_string"}],"inLanguage":"fr-FR"},{"@type":"Organization","@id":"https:\/\/evfleets.electricautonomy.ca\/fr\/#organization","name":"Parcs VE Pro","url":"https:\/\/evfleets.electricautonomy.ca\/fr\/","logo":{"@type":"ImageObject","inLanguage":"fr-FR","@id":"https:\/\/evfleets.electricautonomy.ca\/fr\/#\/schema\/logo\/image\/","url":"https:\/\/evfleets.electricautonomy.ca\/fr\/wp-content\/uploads\/sites\/2\/2024\/06\/Parcs-VE-Logo-blanc.png","contentUrl":"https:\/\/evfleets.electricautonomy.ca\/fr\/wp-content\/uploads\/sites\/2\/2024\/06\/Parcs-VE-Logo-blanc.png","width":786,"height":123,"caption":"Parcs VE Pro"},"image":{"@id":"https:\/\/evfleets.electricautonomy.ca\/fr\/#\/schema\/logo\/image\/"}}]}},"_links":{"self":[{"href":"https:\/\/evfleets.electricautonomy.ca\/fr\/wp-json\/wp\/v2\/video\/3520","targetHints":{"allow":["GET"]}}],"collection":[{"href":"https:\/\/evfleets.electricautonomy.ca\/fr\/wp-json\/wp\/v2\/video"}],"about":[{"href":"https:\/\/evfleets.electricautonomy.ca\/fr\/wp-json\/wp\/v2\/types\/video"}],"wp:featuredmedia":[{"embeddable":true,"href":"https:\/\/evfleets.electricautonomy.ca\/fr\/wp-json\/wp\/v2\/media\/3511"}],"wp:attachment":[{"href":"https:\/\/evfleets.electricautonomy.ca\/fr\/wp-json\/wp\/v2\/media?parent=3520"}],"curies":[{"name":"wp","href":"https:\/\/api.w.org\/{rel}","templated":true}]}}