{"id":3506,"date":"2024-06-24T11:33:50","date_gmt":"2024-06-24T15:33:50","guid":{"rendered":"https:\/\/evfleets.electricautonomy.ca\/fr\/?post_type=video&#038;p=3506"},"modified":"2024-06-24T15:40:42","modified_gmt":"2024-06-24T19:40:42","slug":"la-recharge-plus-intelligent-des-ve-la-gestion-de-lenergie-et-lia-inclus","status":"publish","type":"video","link":"https:\/\/evfleets.electricautonomy.ca\/fr\/video\/la-recharge-plus-intelligent-des-ve-la-gestion-de-lenergie-et-lia-inclus\/","title":{"rendered":"La recharge plus intelligent des VE \u2013 la gestion de l&rsquo;\u00e9nergie et l&rsquo;IA inclus"},"content":{"rendered":"\n<p>Pour alimenter efficacement une parc de v\u00e9hicules \u00e9lectriques, vous aurez besoin d&rsquo;un logiciel pour g\u00e9rer le flux d&rsquo;\u00e9lectrons vers vos prises. Au d\u00e9part, vous chercherez peut-\u00eatre simplement \u00e0 \u00e9viter les co\u00fbts li\u00e9s aux pics de demande ou \u00e0 g\u00e9rer les charges \u00e9lectriques sur le site. Mais la recharge intelligente peut faire beaucoup plus. Ce panel explique comment int\u00e9grer les logiciels de t\u00e9l\u00e9matique et de r\u00e9partition afin d&rsquo;ajouter la d\u00e9tection des v\u00e9hicules et leur \u00e9tat de charge, de calculer les besoins en \u00e9nergie d&rsquo;itin\u00e9raires sp\u00e9cifiques et m\u00eame de pr\u00e9voir l&rsquo;inattendu. Le r\u00e9sultat ? Une r\u00e9duction des co\u00fbts, une optimisation de la recharge sur site et une coh\u00e9rence dans la r\u00e9ponse aux besoins de vos op\u00e9rations.<\/p>\n\n\n\n<p><em>Cette vid\u00e9o n\u2019est disponible qu\u2019en anglais, avec sous-titres offerts par YouTube.<\/em><\/p>\n\n\n\n<figure class=\"wp-block-embed is-type-video is-provider-youtube wp-block-embed-youtube wp-embed-aspect-16-9 wp-has-aspect-ratio\"><div class=\"wp-block-embed__wrapper\">\n<div class=\"ast-oembed-container\" style=\"height: 100%;\"><iframe loading=\"lazy\" title=\"Smarter EV charging, from energy management to AI\" width=\"500\" height=\"281\" src=\"https:\/\/www.youtube.com\/embed\/Ljd0bkqxcgI?feature=oembed\" frameborder=\"0\" allow=\"accelerometer; autoplay; clipboard-write; encrypted-media; gyroscope; picture-in-picture; web-share\" referrerpolicy=\"strict-origin-when-cross-origin\" allowfullscreen><\/iframe><\/div>\n<\/div><figcaption class=\"wp-element-caption\"><em>Pour activer les sous-titres g\u00e9n\u00e9r\u00e9s automatiquement par YouTube, cliquez sur le bouton \u33c4 \u201cSous-titres\/sous-titres cod\u00e9s (c)\u201d. Pour changer la s\u00e9lection de langue, appuyer sur le bouton \u26ed \u201cParam\u00e8tres\u201d.<\/em><\/figcaption><\/figure>\n\n\n\n<h2 class=\"wp-block-heading\">Intervenants<\/h2>\n\n\n\n<ul class=\"wp-block-list\">\n<li>Michelle Llamb\u00edas Meunier, directrice g\u00e9n\u00e9rale de Propulsion Qu\u00e9bec (mod\u00e9ratrice)<\/li>\n\n\n\n<li>Sylvain Cabanetos, directeur du d\u00e9veloppement des affaires, Cl\u00e9o<\/li>\n\n\n\n<li>Charlotte Argue, directrice principale, Mobilit\u00e9 durable chez Geotab<\/li>\n<\/ul>\n\n\n\n<p>Cette s\u00e9ance a \u00e9t\u00e9 enregistr\u00e9e lors de l&rsquo;EV &amp; Charging Expo, le 1er mai 2024, \u00e0 l&rsquo;Enercare Centre de Toronto.<\/p>\n","protected":false},"excerpt":{"rendered":"Cette discussion explique comment int\u00e9grer les logiciels de t\u00e9l\u00e9matique et de r\u00e9partition afin de calculer les besoins \u00e9nerg\u00e9tiques et m\u00eame de pr\u00e9voir l&rsquo;inattendu.","protected":false},"featured_media":3507,"template":"","meta":{"content-type":"","site-sidebar-layout":"default","site-content-layout":"default","ast-global-header-display":"","ast-banner-title-visibility":"","ast-main-header-display":"","ast-hfb-above-header-display":"","ast-hfb-below-header-display":"","ast-hfb-mobile-header-display":"","site-post-title":"","ast-breadcrumbs-content":null,"ast-featured-img":"","footer-sml-layout":"","theme-transparent-header-meta":"","adv-header-id-meta":null,"stick-header-meta":"","header-above-stick-meta":null,"header-main-stick-meta":"","header-below-stick-meta":null},"class_list":["post-3506","video","type-video","status-publish","has-post-thumbnail","hentry","video-category-conferences-ev-charging-expo"],"acf":[],"yoast_head":"<title>La recharge plus intelligent des VE \u2013 la gestion de l&#039;\u00e9nergie et l&#039;IA inclus - Parcs VE Pro<\/title>\n<meta name=\"description\" content=\"Cette discussion explique comment int\u00e9grer les logiciels de t\u00e9l\u00e9matique et de r\u00e9partition afin de calculer les besoins \u00e9nerg\u00e9tiques et m\u00eame de pr\u00e9voir l&#039;inattendu.\" \/>\n<meta name=\"robots\" content=\"index, follow, max-snippet:-1, max-image-preview:large, max-video-preview:-1\" \/>\n<link rel=\"canonical\" href=\"https:\/\/evfleets.electricautonomy.ca\/fr\/video\/la-recharge-plus-intelligent-des-ve-la-gestion-de-lenergie-et-lia-inclus\/\" \/>\n<meta property=\"og:locale\" content=\"fr_FR\" \/>\n<meta property=\"og:type\" content=\"article\" \/>\n<meta property=\"og:title\" content=\"La recharge plus intelligent des VE \u2013 la gestion de l&#039;\u00e9nergie et l&#039;IA inclus - Parcs VE Pro\" \/>\n<meta property=\"og:description\" content=\"Cette discussion explique comment int\u00e9grer les logiciels de t\u00e9l\u00e9matique et de r\u00e9partition afin de calculer les besoins \u00e9nerg\u00e9tiques et m\u00eame de pr\u00e9voir l&#039;inattendu.\" \/>\n<meta property=\"og:url\" content=\"https:\/\/evfleets.electricautonomy.ca\/fr\/video\/la-recharge-plus-intelligent-des-ve-la-gestion-de-lenergie-et-lia-inclus\/\" \/>\n<meta property=\"og:site_name\" content=\"Parcs VE Pro\" \/>\n<meta property=\"article:modified_time\" content=\"2024-06-24T19:40:42+00:00\" \/>\n<meta property=\"og:image\" content=\"https:\/\/evfleets.electricautonomy.ca\/fr\/wp-content\/uploads\/sites\/2\/2024\/06\/May-1-Expo-2024-SMARTER-CHARGING-FINAL.png\" \/>\n\t<meta property=\"og:image:width\" content=\"1920\" \/>\n\t<meta property=\"og:image:height\" content=\"1080\" \/>\n\t<meta property=\"og:image:type\" content=\"image\/png\" \/>\n<meta name=\"twitter:card\" content=\"summary_large_image\" \/>\n<meta name=\"twitter:label1\" content=\"Dur\u00e9e de lecture estim\u00e9e\" \/>\n\t<meta name=\"twitter:data1\" content=\"2 minutes\" \/>\n<script type=\"application\/ld+json\" class=\"yoast-schema-graph\">{\"@context\":\"https:\/\/schema.org\",\"@graph\":[{\"@type\":\"WebPage\",\"@id\":\"https:\/\/evfleets.electricautonomy.ca\/fr\/video\/la-recharge-plus-intelligent-des-ve-la-gestion-de-lenergie-et-lia-inclus\/\",\"url\":\"https:\/\/evfleets.electricautonomy.ca\/fr\/video\/la-recharge-plus-intelligent-des-ve-la-gestion-de-lenergie-et-lia-inclus\/\",\"name\":\"La recharge plus intelligent des VE \u2013 la gestion de l'\u00e9nergie et l'IA inclus - Parcs VE Pro\",\"isPartOf\":{\"@id\":\"https:\/\/evfleets.electricautonomy.ca\/fr\/#website\"},\"datePublished\":\"2024-06-24T15:33:50+00:00\",\"dateModified\":\"2024-06-24T19:40:42+00:00\",\"description\":\"Cette discussion explique comment int\u00e9grer les logiciels de t\u00e9l\u00e9matique et de r\u00e9partition afin de calculer les besoins \u00e9nerg\u00e9tiques et m\u00eame de pr\u00e9voir l'inattendu.\",\"breadcrumb\":{\"@id\":\"https:\/\/evfleets.electricautonomy.ca\/fr\/video\/la-recharge-plus-intelligent-des-ve-la-gestion-de-lenergie-et-lia-inclus\/#breadcrumb\"},\"inLanguage\":\"fr-FR\",\"potentialAction\":[{\"@type\":\"ReadAction\",\"target\":[\"https:\/\/evfleets.electricautonomy.ca\/fr\/video\/la-recharge-plus-intelligent-des-ve-la-gestion-de-lenergie-et-lia-inclus\/\"]}]},{\"@type\":\"BreadcrumbList\",\"@id\":\"https:\/\/evfleets.electricautonomy.ca\/fr\/video\/la-recharge-plus-intelligent-des-ve-la-gestion-de-lenergie-et-lia-inclus\/#breadcrumb\",\"itemListElement\":[{\"@type\":\"ListItem\",\"position\":1,\"name\":\"Home\",\"item\":\"https:\/\/evfleets.electricautonomy.ca\/fr\/\"},{\"@type\":\"ListItem\",\"position\":2,\"name\":\"Video\",\"item\":\"https:\/\/evfleets.electricautonomy.ca\/fr\/video\/\"},{\"@type\":\"ListItem\",\"position\":3,\"name\":\"La recharge plus intelligent des VE \u2013 la gestion de l&#8217;\u00e9nergie et l&#8217;IA inclus\"}]},{\"@type\":\"WebSite\",\"@id\":\"https:\/\/evfleets.electricautonomy.ca\/fr\/#website\",\"url\":\"https:\/\/evfleets.electricautonomy.ca\/fr\/\",\"name\":\"Parcs VE Pro\",\"description\":\"L&#039;avenir des parcs automobiles est \u00e9lectrique\",\"publisher\":{\"@id\":\"https:\/\/evfleets.electricautonomy.ca\/fr\/#organization\"},\"potentialAction\":[{\"@type\":\"SearchAction\",\"target\":{\"@type\":\"EntryPoint\",\"urlTemplate\":\"https:\/\/evfleets.electricautonomy.ca\/fr\/?s={search_term_string}\"},\"query-input\":\"required name=search_term_string\"}],\"inLanguage\":\"fr-FR\"},{\"@type\":\"Organization\",\"@id\":\"https:\/\/evfleets.electricautonomy.ca\/fr\/#organization\",\"name\":\"Parcs VE Pro\",\"url\":\"https:\/\/evfleets.electricautonomy.ca\/fr\/\",\"logo\":{\"@type\":\"ImageObject\",\"inLanguage\":\"fr-FR\",\"@id\":\"https:\/\/evfleets.electricautonomy.ca\/fr\/#\/schema\/logo\/image\/\",\"url\":\"https:\/\/evfleets.electricautonomy.ca\/fr\/wp-content\/uploads\/sites\/2\/2024\/06\/Parcs-VE-Logo-blanc.png\",\"contentUrl\":\"https:\/\/evfleets.electricautonomy.ca\/fr\/wp-content\/uploads\/sites\/2\/2024\/06\/Parcs-VE-Logo-blanc.png\",\"width\":786,\"height\":123,\"caption\":\"Parcs VE Pro\"},\"image\":{\"@id\":\"https:\/\/evfleets.electricautonomy.ca\/fr\/#\/schema\/logo\/image\/\"}}]}<\/script>","yoast_head_json":{"title":"La recharge plus intelligent des VE \u2013 la gestion de l'\u00e9nergie et l'IA inclus - Parcs VE Pro","description":"Cette discussion explique comment int\u00e9grer les logiciels de t\u00e9l\u00e9matique et de r\u00e9partition afin de calculer les besoins \u00e9nerg\u00e9tiques et m\u00eame de pr\u00e9voir l'inattendu.","robots":{"index":"index","follow":"follow","max-snippet":"max-snippet:-1","max-image-preview":"max-image-preview:large","max-video-preview":"max-video-preview:-1"},"canonical":"https:\/\/evfleets.electricautonomy.ca\/fr\/video\/la-recharge-plus-intelligent-des-ve-la-gestion-de-lenergie-et-lia-inclus\/","og_locale":"fr_FR","og_type":"article","og_title":"La recharge plus intelligent des VE \u2013 la gestion de l'\u00e9nergie et l'IA inclus - Parcs VE Pro","og_description":"Cette discussion explique comment int\u00e9grer les logiciels de t\u00e9l\u00e9matique et de r\u00e9partition afin de calculer les besoins \u00e9nerg\u00e9tiques et m\u00eame de pr\u00e9voir l'inattendu.","og_url":"https:\/\/evfleets.electricautonomy.ca\/fr\/video\/la-recharge-plus-intelligent-des-ve-la-gestion-de-lenergie-et-lia-inclus\/","og_site_name":"Parcs VE Pro","article_modified_time":"2024-06-24T19:40:42+00:00","og_image":[{"width":1920,"height":1080,"url":"https:\/\/evfleets.electricautonomy.ca\/fr\/wp-content\/uploads\/sites\/2\/2024\/06\/May-1-Expo-2024-SMARTER-CHARGING-FINAL.png","type":"image\/png"}],"twitter_card":"summary_large_image","twitter_misc":{"Dur\u00e9e de lecture estim\u00e9e":"2 minutes"},"schema":{"@context":"https:\/\/schema.org","@graph":[{"@type":"WebPage","@id":"https:\/\/evfleets.electricautonomy.ca\/fr\/video\/la-recharge-plus-intelligent-des-ve-la-gestion-de-lenergie-et-lia-inclus\/","url":"https:\/\/evfleets.electricautonomy.ca\/fr\/video\/la-recharge-plus-intelligent-des-ve-la-gestion-de-lenergie-et-lia-inclus\/","name":"La recharge plus intelligent des VE \u2013 la gestion de l'\u00e9nergie et l'IA inclus - Parcs VE Pro","isPartOf":{"@id":"https:\/\/evfleets.electricautonomy.ca\/fr\/#website"},"datePublished":"2024-06-24T15:33:50+00:00","dateModified":"2024-06-24T19:40:42+00:00","description":"Cette discussion explique comment int\u00e9grer les logiciels de t\u00e9l\u00e9matique et de r\u00e9partition afin de calculer les besoins \u00e9nerg\u00e9tiques et m\u00eame de pr\u00e9voir l'inattendu.","breadcrumb":{"@id":"https:\/\/evfleets.electricautonomy.ca\/fr\/video\/la-recharge-plus-intelligent-des-ve-la-gestion-de-lenergie-et-lia-inclus\/#breadcrumb"},"inLanguage":"fr-FR","potentialAction":[{"@type":"ReadAction","target":["https:\/\/evfleets.electricautonomy.ca\/fr\/video\/la-recharge-plus-intelligent-des-ve-la-gestion-de-lenergie-et-lia-inclus\/"]}]},{"@type":"BreadcrumbList","@id":"https:\/\/evfleets.electricautonomy.ca\/fr\/video\/la-recharge-plus-intelligent-des-ve-la-gestion-de-lenergie-et-lia-inclus\/#breadcrumb","itemListElement":[{"@type":"ListItem","position":1,"name":"Home","item":"https:\/\/evfleets.electricautonomy.ca\/fr\/"},{"@type":"ListItem","position":2,"name":"Video","item":"https:\/\/evfleets.electricautonomy.ca\/fr\/video\/"},{"@type":"ListItem","position":3,"name":"La recharge plus intelligent des VE \u2013 la gestion de l&#8217;\u00e9nergie et l&#8217;IA inclus"}]},{"@type":"WebSite","@id":"https:\/\/evfleets.electricautonomy.ca\/fr\/#website","url":"https:\/\/evfleets.electricautonomy.ca\/fr\/","name":"Parcs VE Pro","description":"L&#039;avenir des parcs automobiles est \u00e9lectrique","publisher":{"@id":"https:\/\/evfleets.electricautonomy.ca\/fr\/#organization"},"potentialAction":[{"@type":"SearchAction","target":{"@type":"EntryPoint","urlTemplate":"https:\/\/evfleets.electricautonomy.ca\/fr\/?s={search_term_string}"},"query-input":"required name=search_term_string"}],"inLanguage":"fr-FR"},{"@type":"Organization","@id":"https:\/\/evfleets.electricautonomy.ca\/fr\/#organization","name":"Parcs VE Pro","url":"https:\/\/evfleets.electricautonomy.ca\/fr\/","logo":{"@type":"ImageObject","inLanguage":"fr-FR","@id":"https:\/\/evfleets.electricautonomy.ca\/fr\/#\/schema\/logo\/image\/","url":"https:\/\/evfleets.electricautonomy.ca\/fr\/wp-content\/uploads\/sites\/2\/2024\/06\/Parcs-VE-Logo-blanc.png","contentUrl":"https:\/\/evfleets.electricautonomy.ca\/fr\/wp-content\/uploads\/sites\/2\/2024\/06\/Parcs-VE-Logo-blanc.png","width":786,"height":123,"caption":"Parcs VE Pro"},"image":{"@id":"https:\/\/evfleets.electricautonomy.ca\/fr\/#\/schema\/logo\/image\/"}}]}},"_links":{"self":[{"href":"https:\/\/evfleets.electricautonomy.ca\/fr\/wp-json\/wp\/v2\/video\/3506","targetHints":{"allow":["GET"]}}],"collection":[{"href":"https:\/\/evfleets.electricautonomy.ca\/fr\/wp-json\/wp\/v2\/video"}],"about":[{"href":"https:\/\/evfleets.electricautonomy.ca\/fr\/wp-json\/wp\/v2\/types\/video"}],"wp:featuredmedia":[{"embeddable":true,"href":"https:\/\/evfleets.electricautonomy.ca\/fr\/wp-json\/wp\/v2\/media\/3507"}],"wp:attachment":[{"href":"https:\/\/evfleets.electricautonomy.ca\/fr\/wp-json\/wp\/v2\/media?parent=3506"}],"curies":[{"name":"wp","href":"https:\/\/api.w.org\/{rel}","templated":true}]}}