{"id":3204,"date":"2023-08-07T16:44:41","date_gmt":"2023-08-07T20:44:41","guid":{"rendered":"https:\/\/evfleets.electricautonomy.ca\/fr\/?post_type=video&#038;p=3204"},"modified":"2023-08-16T13:28:40","modified_gmt":"2023-08-16T17:28:40","slug":"metro-chaine-dapprovisionnement-ikea","status":"publish","type":"video","link":"https:\/\/evfleets.electricautonomy.ca\/fr\/video\/metro-chaine-dapprovisionnement-ikea\/","title":{"rendered":"Metro cha\u00eene d\u2019approvisionnement s\u2019associe \u00e0 Ikea"},"content":{"rendered":"\n<p>Dans le cadre de notre programme d\u2019apprentissage en ligne de gestion de parc \u00e9lectrique, nous avons \u00e9t\u00e9 \u00e0 la rencontre de parcs automobiles dans tout le pays pour savoir comment ils ont \u00e9lectrifi\u00e9 leurs v\u00e9hicules. Metro cha\u00eene d\u2019approvisionnement, une entreprise de logistique qui effectue la livraison \u00e0 domicile pour de grands d\u00e9taillants, s\u2019est associ\u00e9e \u00e0 IKEA pour lancer un projet pilote sur l\u2019\u00eele de Montr\u00e9al.<\/p>\n\n\n\n<p>Les repr\u00e9sentants de Metro cha\u00eene d\u2019approvisionnement nous ont fait part de leur exp\u00e9rience, notamment de leur premier hiver sur la route avec leurs camions Lion \u00c9lectrique, de leurs v\u00e9rifications quotidiennes et de la fa\u00e7on dont leur nouveau parc automobile attire l\u2019attention des conducteurs et des clients.<\/p>\n\n\n\n<figure class=\"wp-block-embed alignwide is-type-video is-provider-youtube wp-block-embed-youtube wp-embed-aspect-16-9 wp-has-aspect-ratio\"><div class=\"wp-block-embed__wrapper\">\n<div class=\"ast-oembed-container\" style=\"height: 100%;\"><iframe loading=\"lazy\" title=\"Des camions \u00e9lectriques livrent les biens pour IKEA | Parcs VE\" width=\"500\" height=\"281\" src=\"https:\/\/www.youtube.com\/embed\/wm7RpKsbdmw?feature=oembed\" frameborder=\"0\" allow=\"accelerometer; autoplay; clipboard-write; encrypted-media; gyroscope; picture-in-picture; web-share\" referrerpolicy=\"strict-origin-when-cross-origin\" allowfullscreen><\/iframe><\/div>\n<\/div><\/figure>\n","protected":false},"excerpt":{"rendered":"Une entreprise qui assure la livraison du dernier kilom\u00e8tre pour les grands d\u00e9taillants s&rsquo;est associ\u00e9e \u00e0 IKEA pour lancer un projet pilote sur l&rsquo;\u00eele de Montr\u00e9al.","protected":false},"featured_media":3175,"template":"","meta":{"content-type":"","site-sidebar-layout":"default","site-content-layout":"default","ast-global-header-display":"","ast-banner-title-visibility":"","ast-main-header-display":"","ast-hfb-above-header-display":"","ast-hfb-below-header-display":"","ast-hfb-mobile-header-display":"","site-post-title":"","ast-breadcrumbs-content":null,"ast-featured-img":"","footer-sml-layout":"","theme-transparent-header-meta":"","adv-header-id-meta":null,"stick-header-meta":"","header-above-stick-meta":null,"header-main-stick-meta":"","header-below-stick-meta":null},"class_list":["post-3204","video","type-video","status-publish","has-post-thumbnail","hentry","video-category-gros-plan-sur-un-parc"],"acf":[],"yoast_head":"<title>Metro cha\u00eene d\u2019approvisionnement s\u2019associe \u00e0 Ikea - Parcs VE Pro<\/title>\n<meta name=\"robots\" content=\"index, follow, max-snippet:-1, max-image-preview:large, max-video-preview:-1\" \/>\n<link rel=\"canonical\" href=\"https:\/\/evfleets.electricautonomy.ca\/fr\/video\/metro-chaine-dapprovisionnement-ikea\/\" \/>\n<meta property=\"og:locale\" content=\"fr_FR\" \/>\n<meta property=\"og:type\" content=\"article\" \/>\n<meta property=\"og:title\" content=\"Metro cha\u00eene d\u2019approvisionnement s\u2019associe \u00e0 Ikea - Parcs VE Pro\" \/>\n<meta property=\"og:description\" content=\"Une entreprise qui assure la livraison du dernier kilom\u00e8tre pour les grands d\u00e9taillants s&#039;est associ\u00e9e \u00e0 IKEA pour lancer un projet pilote sur l&#039;\u00eele de Montr\u00e9al.\" \/>\n<meta property=\"og:url\" content=\"https:\/\/evfleets.electricautonomy.ca\/fr\/video\/metro-chaine-dapprovisionnement-ikea\/\" \/>\n<meta property=\"og:site_name\" content=\"Parcs VE Pro\" \/>\n<meta property=\"article:modified_time\" content=\"2023-08-16T17:28:40+00:00\" \/>\n<meta property=\"og:image\" content=\"https:\/\/evfleets.electricautonomy.ca\/fr\/wp-content\/uploads\/sites\/2\/2023\/01\/metro-supply-chain.jpg\" \/>\n\t<meta property=\"og:image:width\" content=\"1200\" \/>\n\t<meta property=\"og:image:height\" content=\"750\" \/>\n\t<meta property=\"og:image:type\" content=\"image\/jpeg\" \/>\n<meta name=\"twitter:card\" content=\"summary_large_image\" \/>\n<meta name=\"twitter:label1\" content=\"Dur\u00e9e de lecture estim\u00e9e\" \/>\n\t<meta name=\"twitter:data1\" content=\"1 minute\" \/>\n<script type=\"application\/ld+json\" class=\"yoast-schema-graph\">{\"@context\":\"https:\/\/schema.org\",\"@graph\":[{\"@type\":\"WebPage\",\"@id\":\"https:\/\/evfleets.electricautonomy.ca\/fr\/video\/metro-chaine-dapprovisionnement-ikea\/\",\"url\":\"https:\/\/evfleets.electricautonomy.ca\/fr\/video\/metro-chaine-dapprovisionnement-ikea\/\",\"name\":\"Metro cha\u00eene d\u2019approvisionnement s\u2019associe \u00e0 Ikea - Parcs VE Pro\",\"isPartOf\":{\"@id\":\"https:\/\/evfleets.electricautonomy.ca\/fr\/#website\"},\"datePublished\":\"2023-08-07T20:44:41+00:00\",\"dateModified\":\"2023-08-16T17:28:40+00:00\",\"breadcrumb\":{\"@id\":\"https:\/\/evfleets.electricautonomy.ca\/fr\/video\/metro-chaine-dapprovisionnement-ikea\/#breadcrumb\"},\"inLanguage\":\"fr-FR\",\"potentialAction\":[{\"@type\":\"ReadAction\",\"target\":[\"https:\/\/evfleets.electricautonomy.ca\/fr\/video\/metro-chaine-dapprovisionnement-ikea\/\"]}]},{\"@type\":\"BreadcrumbList\",\"@id\":\"https:\/\/evfleets.electricautonomy.ca\/fr\/video\/metro-chaine-dapprovisionnement-ikea\/#breadcrumb\",\"itemListElement\":[{\"@type\":\"ListItem\",\"position\":1,\"name\":\"Home\",\"item\":\"https:\/\/evfleets.electricautonomy.ca\/fr\/\"},{\"@type\":\"ListItem\",\"position\":2,\"name\":\"Video\",\"item\":\"https:\/\/evfleets.electricautonomy.ca\/fr\/video\/\"},{\"@type\":\"ListItem\",\"position\":3,\"name\":\"Metro cha\u00eene d\u2019approvisionnement s\u2019associe \u00e0 Ikea\"}]},{\"@type\":\"WebSite\",\"@id\":\"https:\/\/evfleets.electricautonomy.ca\/fr\/#website\",\"url\":\"https:\/\/evfleets.electricautonomy.ca\/fr\/\",\"name\":\"Parcs VE Pro\",\"description\":\"L&#039;avenir des parcs automobiles est \u00e9lectrique\",\"publisher\":{\"@id\":\"https:\/\/evfleets.electricautonomy.ca\/fr\/#organization\"},\"potentialAction\":[{\"@type\":\"SearchAction\",\"target\":{\"@type\":\"EntryPoint\",\"urlTemplate\":\"https:\/\/evfleets.electricautonomy.ca\/fr\/?s={search_term_string}\"},\"query-input\":\"required name=search_term_string\"}],\"inLanguage\":\"fr-FR\"},{\"@type\":\"Organization\",\"@id\":\"https:\/\/evfleets.electricautonomy.ca\/fr\/#organization\",\"name\":\"Parcs VE Pro\",\"url\":\"https:\/\/evfleets.electricautonomy.ca\/fr\/\",\"logo\":{\"@type\":\"ImageObject\",\"inLanguage\":\"fr-FR\",\"@id\":\"https:\/\/evfleets.electricautonomy.ca\/fr\/#\/schema\/logo\/image\/\",\"url\":\"https:\/\/evfleets.electricautonomy.ca\/fr\/wp-content\/uploads\/sites\/2\/2024\/06\/Parcs-VE-Logo-blanc.png\",\"contentUrl\":\"https:\/\/evfleets.electricautonomy.ca\/fr\/wp-content\/uploads\/sites\/2\/2024\/06\/Parcs-VE-Logo-blanc.png\",\"width\":786,\"height\":123,\"caption\":\"Parcs VE Pro\"},\"image\":{\"@id\":\"https:\/\/evfleets.electricautonomy.ca\/fr\/#\/schema\/logo\/image\/\"}}]}<\/script>","yoast_head_json":{"title":"Metro cha\u00eene d\u2019approvisionnement s\u2019associe \u00e0 Ikea - Parcs VE Pro","robots":{"index":"index","follow":"follow","max-snippet":"max-snippet:-1","max-image-preview":"max-image-preview:large","max-video-preview":"max-video-preview:-1"},"canonical":"https:\/\/evfleets.electricautonomy.ca\/fr\/video\/metro-chaine-dapprovisionnement-ikea\/","og_locale":"fr_FR","og_type":"article","og_title":"Metro cha\u00eene d\u2019approvisionnement s\u2019associe \u00e0 Ikea - Parcs VE Pro","og_description":"Une entreprise qui assure la livraison du dernier kilom\u00e8tre pour les grands d\u00e9taillants s'est associ\u00e9e \u00e0 IKEA pour lancer un projet pilote sur l'\u00eele de Montr\u00e9al.","og_url":"https:\/\/evfleets.electricautonomy.ca\/fr\/video\/metro-chaine-dapprovisionnement-ikea\/","og_site_name":"Parcs VE Pro","article_modified_time":"2023-08-16T17:28:40+00:00","og_image":[{"width":1200,"height":750,"url":"https:\/\/evfleets.electricautonomy.ca\/fr\/wp-content\/uploads\/sites\/2\/2023\/01\/metro-supply-chain.jpg","type":"image\/jpeg"}],"twitter_card":"summary_large_image","twitter_misc":{"Dur\u00e9e de lecture estim\u00e9e":"1 minute"},"schema":{"@context":"https:\/\/schema.org","@graph":[{"@type":"WebPage","@id":"https:\/\/evfleets.electricautonomy.ca\/fr\/video\/metro-chaine-dapprovisionnement-ikea\/","url":"https:\/\/evfleets.electricautonomy.ca\/fr\/video\/metro-chaine-dapprovisionnement-ikea\/","name":"Metro cha\u00eene d\u2019approvisionnement s\u2019associe \u00e0 Ikea - Parcs VE Pro","isPartOf":{"@id":"https:\/\/evfleets.electricautonomy.ca\/fr\/#website"},"datePublished":"2023-08-07T20:44:41+00:00","dateModified":"2023-08-16T17:28:40+00:00","breadcrumb":{"@id":"https:\/\/evfleets.electricautonomy.ca\/fr\/video\/metro-chaine-dapprovisionnement-ikea\/#breadcrumb"},"inLanguage":"fr-FR","potentialAction":[{"@type":"ReadAction","target":["https:\/\/evfleets.electricautonomy.ca\/fr\/video\/metro-chaine-dapprovisionnement-ikea\/"]}]},{"@type":"BreadcrumbList","@id":"https:\/\/evfleets.electricautonomy.ca\/fr\/video\/metro-chaine-dapprovisionnement-ikea\/#breadcrumb","itemListElement":[{"@type":"ListItem","position":1,"name":"Home","item":"https:\/\/evfleets.electricautonomy.ca\/fr\/"},{"@type":"ListItem","position":2,"name":"Video","item":"https:\/\/evfleets.electricautonomy.ca\/fr\/video\/"},{"@type":"ListItem","position":3,"name":"Metro cha\u00eene d\u2019approvisionnement s\u2019associe \u00e0 Ikea"}]},{"@type":"WebSite","@id":"https:\/\/evfleets.electricautonomy.ca\/fr\/#website","url":"https:\/\/evfleets.electricautonomy.ca\/fr\/","name":"Parcs VE Pro","description":"L&#039;avenir des parcs automobiles est \u00e9lectrique","publisher":{"@id":"https:\/\/evfleets.electricautonomy.ca\/fr\/#organization"},"potentialAction":[{"@type":"SearchAction","target":{"@type":"EntryPoint","urlTemplate":"https:\/\/evfleets.electricautonomy.ca\/fr\/?s={search_term_string}"},"query-input":"required name=search_term_string"}],"inLanguage":"fr-FR"},{"@type":"Organization","@id":"https:\/\/evfleets.electricautonomy.ca\/fr\/#organization","name":"Parcs VE Pro","url":"https:\/\/evfleets.electricautonomy.ca\/fr\/","logo":{"@type":"ImageObject","inLanguage":"fr-FR","@id":"https:\/\/evfleets.electricautonomy.ca\/fr\/#\/schema\/logo\/image\/","url":"https:\/\/evfleets.electricautonomy.ca\/fr\/wp-content\/uploads\/sites\/2\/2024\/06\/Parcs-VE-Logo-blanc.png","contentUrl":"https:\/\/evfleets.electricautonomy.ca\/fr\/wp-content\/uploads\/sites\/2\/2024\/06\/Parcs-VE-Logo-blanc.png","width":786,"height":123,"caption":"Parcs VE Pro"},"image":{"@id":"https:\/\/evfleets.electricautonomy.ca\/fr\/#\/schema\/logo\/image\/"}}]}},"_links":{"self":[{"href":"https:\/\/evfleets.electricautonomy.ca\/fr\/wp-json\/wp\/v2\/video\/3204","targetHints":{"allow":["GET"]}}],"collection":[{"href":"https:\/\/evfleets.electricautonomy.ca\/fr\/wp-json\/wp\/v2\/video"}],"about":[{"href":"https:\/\/evfleets.electricautonomy.ca\/fr\/wp-json\/wp\/v2\/types\/video"}],"wp:featuredmedia":[{"embeddable":true,"href":"https:\/\/evfleets.electricautonomy.ca\/fr\/wp-json\/wp\/v2\/media\/3175"}],"wp:attachment":[{"href":"https:\/\/evfleets.electricautonomy.ca\/fr\/wp-json\/wp\/v2\/media?parent=3204"}],"curies":[{"name":"wp","href":"https:\/\/api.w.org\/{rel}","templated":true}]}}